{"id":3506,"date":"2020-05-06T16:02:11","date_gmt":"2020-05-06T14:02:11","guid":{"rendered":"http:\/\/www.esperanto.es\/fel\/?page_id=3506"},"modified":"2020-06-16T12:46:08","modified_gmt":"2020-06-16T10:46:08","slug":"enlaces-2","status":"publish","type":"page","link":"https:\/\/fel.esperanto.es\/?page_id=3506","title":{"rendered":"Enlaces"},"content":{"rendered":"<p>[et_pb_section fb_built=\u00bb1&#8243; inner_shadow=\u00bbon\u00bb fullwidth=\u00bbon\u00bb _builder_version=\u00bb3.22&#8243; background_color=\u00bb#2ea3f2&#8243; use_background_color_gradient=\u00bbon\u00bb background_color_gradient_start=\u00bb#2ea3f2&#8243; background_color_gradient_end=\u00bb#2e6df4&#8243; background_color_gradient_direction=\u00bb330deg\u00bb][et_pb_fullwidth_header title=\u00bbCIRCUNFLEJOS\u00bb content_max_width=\u00bbnone\u00bb _builder_version=\u00bb4.4.1&#8243; title_text_align=\u00bbcenter\u00bb background_color=\u00bb#12876f\u00bb custom_padding=\u00bb14px||3px|||\u00bb hover_enabled=\u00bb0&#8243; button_one_text_size__hover_enabled=\u00bboff\u00bb button_two_text_size__hover_enabled=\u00bboff\u00bb button_one_text_color__hover_enabled=\u00bboff\u00bb button_two_text_color__hover_enabled=\u00bboff\u00bb button_one_border_width__hover_enabled=\u00bboff\u00bb button_two_border_width__hover_enabled=\u00bboff\u00bb button_one_border_color__hover_enabled=\u00bboff\u00bb button_two_border_color__hover_enabled=\u00bboff\u00bb button_one_border_radius__hover_enabled=\u00bboff\u00bb button_two_border_radius__hover_enabled=\u00bboff\u00bb button_one_letter_spacing__hover_enabled=\u00bboff\u00bb button_two_letter_spacing__hover_enabled=\u00bboff\u00bb button_one_bg_color__hover_enabled=\u00bboff\u00bb button_two_bg_color__hover_enabled=\u00bboff\u00bb][\/et_pb_fullwidth_header][\/et_pb_section][et_pb_section fb_built=\u00bb1&#8243; _builder_version=\u00bb4.4.1&#8243; custom_padding=\u00bb2px||3px|||\u00bb][et_pb_row column_structure=\u00bb1_3,1_3,1_3&#8243; _builder_version=\u00bb4.4.1&#8243; background_enable_image=\u00bboff\u00bb background_size=\u00bbinitial\u00bb background_position=\u00bbcenter_left\u00bb module_alignment=\u00bbcenter\u00bb][et_pb_column type=\u00bb1_3&#8243; _builder_version=\u00bb4.4.1&#8243;][et_pb_image src=\u00bbhttp:\/\/www.esperanto.es\/fel\/wp-content\/uploads\/2020\/05\/circunflejos-u.jpg\u00bb _builder_version=\u00bb4.4.1&#8243;][\/et_pb_image][et_pb_blurb title=\u00bbOrigen\u00bb image=\u00bbhttp:\/\/www.esperanto.es\/fel\/wp-content\/uploads\/2020\/05\/wikipedia.jpg\u00bb icon_placement=\u00bbleft\u00bb _builder_version=\u00bb4.4.1&#8243; custom_padding=\u00bb70px||||false|false\u00bb]<\/p>\n<p style=\"text-align: justify;\">En el apartado \u00abEscritura y pronunciaci\u00f3n\u00bb\u00a0 de esta p\u00e1gina de <a href=\"https:\/\/es.wikipedia.org\/wiki\/Gram%C3%A1tica_del_esperanto\" target=\"_blank\" rel=\"noopener noreferrer\" title=\"circunflejos\">Wikipedia<\/a> puedes comprobar que los circunflejos no son de otro planeta.<\/p>\n<p>[\/et_pb_blurb][\/et_pb_column][et_pb_column type=\u00bb1_3&#8243; _builder_version=\u00bb4.4.1&#8243;][et_pb_text _builder_version=\u00bb4.4.1&#8243;]<\/p>\n<p style=\"text-align: justify;\">S\u00f3lo 6 de las 28 letras que componen el alfabeto del Esperanto llevan un acento sobre ellas, llamado <a href=\"https:\/\/es.wikipedia.org\/wiki\/Signo_diacr%C3%ADtico\" target=\"_blank\" rel=\"noopener noreferrer\" title=\"diacritico\">diacr\u00edtico<\/a>.<\/p>\n<p style=\"text-align: justify;\">Coexisten 3 <a href=\"alfabeto\" target=\"_blank\" rel=\"noopener noreferrer\">m\u00e9todos para no usarlos<\/a>. Pero s\u00ed quieres escribir en verdadero Esperanto te proponemos aqu\u00ed varias soluciones. Ninguna de ellas supone una modificaci\u00f3n permanente de tu teclado, pudiendo activarlas o desactivarlas seg\u00fan necesites.<\/p>\n<p>[\/et_pb_text][et_pb_blurb use_icon=\u00bbon\u00bb font_icon=\u00bb%%187%%\u00bb icon_color=\u00bb#7cda24&#8243; icon_placement=\u00bbleft\u00bb _builder_version=\u00bb4.4.1&#8243;]<\/p>\n<p style=\"text-align: justify;\"><a href=\"http:\/\/www.esperanto.mv.ru\/Ek\/\" target=\"_blank\" rel=\"noopener noreferrer\">Ek<\/a><\/p>\n<p style=\"text-align: justify;\">Fue uno de los primeros. Funciona en versiones anteriores de Windows. Similar a Tajpi.<\/p>\n<p>[\/et_pb_blurb][\/et_pb_column][et_pb_column type=\u00bb1_3&#8243; _builder_version=\u00bb4.4.1&#8243;][et_pb_blurb use_icon=\u00bbon\u00bb font_icon=\u00bb%%187%%\u00bb icon_color=\u00bb#7cda24&#8243; icon_placement=\u00bbleft\u00bb _builder_version=\u00bb4.4.1&#8243;]<\/p>\n<p style=\"text-align: justify;\"><a href=\"https:\/\/komputeko.net\/tajpi-es.php\" target=\"_blank\" rel=\"noopener noreferrer\">Tajpi<\/a><\/p>\n<p style=\"text-align: justify;\">Mediante combinaci\u00f3n de 2 teclas se reproducen los car\u00e1cteres con circunflejos.\u00a0<\/p>\n<p>[\/et_pb_blurb][et_pb_blurb use_icon=\u00bbon\u00bb font_icon=\u00bb%%187%%\u00bb icon_color=\u00bb#7cda24&#8243; icon_placement=\u00bbleft\u00bb _builder_version=\u00bb4.4.1&#8243;]<\/p>\n<p style=\"text-align: justify;\"><a href=\"https:\/\/www.lexicool.com\/lexibar-esperanto-special-keyboard-characters.asp?IL=3\" target=\"_blank\" rel=\"noopener noreferrer\">Lexibar<\/a><\/p>\n<p style=\"text-align: justify;\">Al activarlo aparecer\u00e1 una peque\u00f1a barra de men\u00fa flotante para escoger la letra deseada.<\/p>\n<p>[\/et_pb_blurb][et_pb_blurb use_icon=\u00bbon\u00bb font_icon=\u00bb%%187%%\u00bb icon_color=\u00bb#7cda24&#8243; icon_placement=\u00bbleft\u00bb _builder_version=\u00bb4.4.1&#8243;]<\/p>\n<p style=\"text-align: justify;\"><a href=\"https:\/\/lernu.net\/es\/forumo\/temo\/8758\" target=\"_blank\" rel=\"noopener noreferrer\">Mac OS<\/a><\/p>\n<p style=\"text-align: justify;\">Soluciones para ordenadores Mac&#8230;<\/p>\n<p>[\/et_pb_blurb][\/et_pb_column][\/et_pb_row][\/et_pb_section][et_pb_section fb_built=\u00bb1&#8243; inner_shadow=\u00bbon\u00bb fullwidth=\u00bbon\u00bb _builder_version=\u00bb3.22&#8243; background_color=\u00bb#2ea3f2&#8243; use_background_color_gradient=\u00bbon\u00bb background_color_gradient_start=\u00bb#2ea3f2&#8243; background_color_gradient_end=\u00bb#2e6df4&#8243; background_color_gradient_direction=\u00bb330deg\u00bb][et_pb_fullwidth_header title=\u00bbDICCIONARIOS\u00bb content_max_width=\u00bbnone\u00bb _builder_version=\u00bb4.4.1&#8243; title_text_align=\u00bbcenter\u00bb background_color=\u00bb#12876f\u00bb custom_padding=\u00bb14px||3px|||\u00bb button_one_text_size__hover_enabled=\u00bboff\u00bb button_two_text_size__hover_enabled=\u00bboff\u00bb button_one_text_color__hover_enabled=\u00bboff\u00bb button_two_text_color__hover_enabled=\u00bboff\u00bb button_one_border_width__hover_enabled=\u00bboff\u00bb button_two_border_width__hover_enabled=\u00bboff\u00bb button_one_border_color__hover_enabled=\u00bboff\u00bb button_two_border_color__hover_enabled=\u00bboff\u00bb button_one_border_radius__hover_enabled=\u00bboff\u00bb button_two_border_radius__hover_enabled=\u00bboff\u00bb button_one_letter_spacing__hover_enabled=\u00bboff\u00bb button_two_letter_spacing__hover_enabled=\u00bboff\u00bb button_one_bg_color__hover_enabled=\u00bboff\u00bb button_two_bg_color__hover_enabled=\u00bboff\u00bb][\/et_pb_fullwidth_header][\/et_pb_section][et_pb_section fb_built=\u00bb1&#8243; _builder_version=\u00bb4.4.1&#8243; custom_padding=\u00bb16px|||||\u00bb][et_pb_row column_structure=\u00bb1_3,1_3,1_3&#8243; _builder_version=\u00bb4.4.1&#8243;][et_pb_column type=\u00bb1_3&#8243; _builder_version=\u00bb4.4.1&#8243;][et_pb_image src=\u00bbhttp:\/\/www.esperanto.es\/fel\/wp-content\/uploads\/2020\/05\/Gran-diccionario.jpg\u00bb align=\u00bbcenter\u00bb _builder_version=\u00bb4.4.1&#8243; height=\u00bb192px\u00bb][\/et_pb_image][et_pb_blurb use_icon=\u00bbon\u00bb font_icon=\u00bb%%254%%\u00bb icon_color=\u00bb#7cda24&#8243; icon_placement=\u00bbleft\u00bb _builder_version=\u00bb4.4.1&#8243;]<\/p>\n<p><a href=\"http:\/\/www.esperanto.es:8080\/diccionario\/inicio.jsp\" target=\"_blank\" rel=\"noopener noreferrer\">Gran Diccionario Espa\u00f1ol-Esperanto<\/a>.<\/p>\n<p>Profusi\u00f3n de ejemplos.\u00a0<\/p>\n<p>Sencillamente, im-pres-cin-di-ble.<\/p>\n<p>[\/et_pb_blurb][\/et_pb_column][et_pb_column type=\u00bb1_3&#8243; _builder_version=\u00bb4.4.1&#8243;][et_pb_image src=\u00bbhttp:\/\/www.esperanto.es\/fel\/wp-content\/uploads\/2020\/05\/PIV.png\u00bb align=\u00bbcenter\u00bb _builder_version=\u00bb4.4.1&#8243; height=\u00bb199px\u00bb][\/et_pb_image][et_pb_blurb use_icon=\u00bbon\u00bb font_icon=\u00bb%%254%%\u00bb icon_color=\u00bb#7cda24&#8243; icon_placement=\u00bbleft\u00bb _builder_version=\u00bb4.4.1&#8243;]<\/p>\n<p><a href=\"http:\/\/vortaro.net\/\" target=\"_blank\" rel=\"noopener noreferrer\">Plena Ilustrita Vortaro de Esperanto<\/a><\/p>\n<p>\u00a0P.I.V., para los amigos.<\/p>\n<p>Eso s\u00ed: s\u00f3lo Esperanto \u00abinside\u00bb.<\/p>\n<p>[\/et_pb_blurb][\/et_pb_column][et_pb_column type=\u00bb1_3&#8243; _builder_version=\u00bb4.4.1&#8243;][et_pb_image src=\u00bbhttp:\/\/www.esperanto.es\/fel\/wp-content\/uploads\/2020\/05\/PReVo.png\u00bb align=\u00bbcenter\u00bb _builder_version=\u00bb4.4.1&#8243; height=\u00bb188px\u00bb][\/et_pb_image][et_pb_blurb use_icon=\u00bbon\u00bb font_icon=\u00bb%%254%%\u00bb icon_color=\u00bb#7cda24&#8243; icon_placement=\u00bbleft\u00bb _builder_version=\u00bb4.4.1&#8243;]<\/p>\n<p><a href=\"https:\/\/play.google.com\/store\/apps\/details?id=uk.co.busydoingnothing.prevo&amp;hl=es\" target=\"_blank\" rel=\"noopener noreferrer\">Portebla Reta Vortaro<\/a><\/p>\n<p>Versi\u00f3n portable para Android del diccionario digital <a href=\"http:\/\/www.reta-vortaro.de\/revo\/\" target=\"_blank\" rel=\"noopener noreferrer\" title=\"ReVo\">Reta Vortaro<\/a>.<\/p>\n<p>[\/et_pb_blurb][\/et_pb_column][\/et_pb_row][et_pb_row _builder_version=\u00bb4.4.1&#8243;][et_pb_column type=\u00bb4_4&#8243; _builder_version=\u00bb4.4.1&#8243;][et_pb_blurb image=\u00bbhttp:\/\/www.esperanto.es\/fel\/wp-content\/uploads\/2020\/05\/Steb.jpg\u00bb icon_placement=\u00bbleft\u00bb _builder_version=\u00bb4.4.1&#8243;]<\/p>\n<p style=\"text-align: justify;\">En <a href=\"http:\/\/www.eventoj.hu\/steb\/vortaroj\/index-vortaro.htm\" target=\"_blank\" rel=\"noopener noreferrer\" title=\"Steb\">Steb<\/a> podr\u00e1s acceder a un sin fin de diccionarios especializados clasificados por materias.<\/p>\n<p>[\/et_pb_blurb][\/et_pb_column][\/et_pb_row][\/et_pb_section][et_pb_section fb_built=\u00bb1&#8243; inner_shadow=\u00bbon\u00bb fullwidth=\u00bbon\u00bb _builder_version=\u00bb3.22&#8243; background_color=\u00bb#2ea3f2&#8243; use_background_color_gradient=\u00bbon\u00bb background_color_gradient_start=\u00bb#2ea3f2&#8243; background_color_gradient_end=\u00bb#2e6df4&#8243; background_color_gradient_direction=\u00bb330deg\u00bb][et_pb_fullwidth_header title=\u00bbGRAM\u00c1TICAS\u00bb content_max_width=\u00bbnone\u00bb _builder_version=\u00bb4.4.1&#8243; title_text_align=\u00bbcenter\u00bb background_color=\u00bb#12876f\u00bb custom_padding=\u00bb14px||3px|||\u00bb button_one_text_size__hover_enabled=\u00bboff\u00bb button_two_text_size__hover_enabled=\u00bboff\u00bb button_one_text_color__hover_enabled=\u00bboff\u00bb button_two_text_color__hover_enabled=\u00bboff\u00bb button_one_border_width__hover_enabled=\u00bboff\u00bb button_two_border_width__hover_enabled=\u00bboff\u00bb button_one_border_color__hover_enabled=\u00bboff\u00bb button_two_border_color__hover_enabled=\u00bboff\u00bb button_one_border_radius__hover_enabled=\u00bboff\u00bb button_two_border_radius__hover_enabled=\u00bboff\u00bb button_one_letter_spacing__hover_enabled=\u00bboff\u00bb button_two_letter_spacing__hover_enabled=\u00bboff\u00bb button_one_bg_color__hover_enabled=\u00bboff\u00bb button_two_bg_color__hover_enabled=\u00bboff\u00bb][\/et_pb_fullwidth_header][\/et_pb_section][et_pb_section fb_built=\u00bb1&#8243; _builder_version=\u00bb4.4.1&#8243; custom_padding=\u00bb16px|||||\u00bb][et_pb_row column_structure=\u00bb1_4,1_4,1_4,1_4&#8243; _builder_version=\u00bb4.4.1&#8243;][et_pb_column type=\u00bb1_4&#8243; _builder_version=\u00bb4.4.1&#8243;][et_pb_image src=\u00bbhttp:\/\/www.esperanto.es\/fel\/wp-content\/uploads\/2020\/05\/HEF.jpg\u00bb align=\u00bbcenter\u00bb _builder_version=\u00bb4.4.1&#8243; height=\u00bb100px\u00bb custom_margin=\u00bb38px||||false|false\u00bb][\/et_pb_image][et_pb_text _builder_version=\u00bb4.4.1&#8243; custom_padding=\u00bb55px||||false|false\u00bb]<\/p>\n<p style=\"text-align: justify;\">La <a href=\"https:\/\/www.esperanto.es\/hef\/index.php\/que-es\/la-lengua\/gramatica\" target=\"_blank\" rel=\"noopener noreferrer\" title=\"gramatica\">Federaci\u00f3n Espa\u00f1ola de Esperanto<\/a> incluye en su portal una p\u00e1gina titulada: \u00abUn poco de gram\u00e1tica\u00bb. Puede ser un forma estupenda de asomarte a los mecanismos de esta genial lengua.<\/p>\n<p style=\"text-align: justify;\">Y si lo que ves te seduce, a la derecha te proponemos ya gram\u00e1ticas completas.<\/p>\n<p>[\/et_pb_text][\/et_pb_column][et_pb_column type=\u00bb1_4&#8243; _builder_version=\u00bb4.4.1&#8243;][et_pb_image src=\u00bbhttp:\/\/www.esperanto.es\/fel\/wp-content\/uploads\/2020\/05\/manlibro.jpg\u00bb align=\u00bbcenter\u00bb _builder_version=\u00bb4.4.1&#8243; height=\u00bb190px\u00bb border_width_all=\u00bb2px\u00bb][\/et_pb_image][et_pb_text _builder_version=\u00bb4.4.1&#8243;]<\/p>\n<p style=\"text-align: justify;\">La \u00ab<a href=\"http:\/\/www.esperanto.es:8080\/jspui\/bitstream\/11013\/2796\/4\/Manlibro%20Esperanto.pdf\" target=\"_blank\" rel=\"noopener noreferrer\" title=\"manlibro\">Manlibro de Esperanto<\/a>\u00bb de Jotor es una completa gram\u00e1tica de \u00abs\u00f3lo\u00bb 121 p\u00e1ginas.<\/p>\n<p style=\"text-align: justify;\">Toda en castellano, excepto el \u00edndice y los t\u00edtulos de los apartados, que est\u00e1n en Esperanto.<\/p>\n<p style=\"text-align: justify;\">Contiene un diccionario Esperanto-Castellano. Descargable la versi\u00f3n en pdf.<\/p>\n<p>[\/et_pb_text][\/et_pb_column][et_pb_column type=\u00bb1_4&#8243; _builder_version=\u00bb4.4.1&#8243;][et_pb_image src=\u00bbhttp:\/\/www.esperanto.es\/fel\/wp-content\/uploads\/2020\/05\/la-tuta-esperanto.png\u00bb align=\u00bbcenter\u00bb _builder_version=\u00bb4.4.1&#8243; height=\u00bb196px\u00bb][\/et_pb_image][et_pb_text _builder_version=\u00bb4.4.1&#8243;]<\/p>\n<p style=\"text-align: justify;\">La <a href=\"http:\/\/www.esperanto.es:8080\/jspui\/bitstream\/11013\/106\/1\/LA_TUTA_ESPERANTO.pdf\" target=\"_blank\" rel=\"noopener noreferrer\" title=\"tuta esperanto\">Tuta Esperanto<\/a> es completamente en Esperanto. Indicada para los que desean avanzar y para los que desean impartir cursos.<\/p>\n<p style=\"text-align: justify;\">Consta de 168 apretadas p\u00e1ginas, con 20 cap\u00edtulos, el \u00faltimo de los cuales se reparte entre consejos sobre estilo, historia y evoluci\u00f3n del Esperanto y una peque\u00f1a biograf\u00eda sobre Zamenhof.<\/p>\n<p>[\/et_pb_text][\/et_pb_column][et_pb_column type=\u00bb1_4&#8243; _builder_version=\u00bb4.4.1&#8243;][et_pb_image src=\u00bbhttp:\/\/www.esperanto.es\/fel\/wp-content\/uploads\/2020\/05\/PMEG-Bertilo.jpg\u00bb align=\u00bbcenter\u00bb _builder_version=\u00bb4.4.1&#8243; height=\u00bb190px\u00bb][\/et_pb_image][et_pb_text _builder_version=\u00bb4.4.1&#8243; custom_padding=\u00bb5px||||false|false\u00bb]<\/p>\n<p style=\"text-align: justify;\">La <a href=\"https:\/\/bertilow.com\/pmeg\/\" target=\"_blank\" rel=\"noopener noreferrer\" title=\"PMEG\">Plena Manlibro de Esperanta Gramatiko<\/a> est\u00e1 exclus\u00edvamente escrita en Esperanto. Esto, y sus 765 <strong>densas<\/strong> p\u00e1ginas hacen de esta magn\u00edfica obra de Bertilo Wennergren, recomendable s\u00f3lo a iniciados en ling\u00fc\u00edstica.<\/p>\n<p style=\"text-align: justify;\">Haciendo clic en \u00abEl\u015dutebla PMEG\u00bb podemos descargar la versi\u00f3n en pdf.<\/p>\n<p>[\/et_pb_text][\/et_pb_column][\/et_pb_row][\/et_pb_section][et_pb_section fb_built=\u00bb1&#8243; inner_shadow=\u00bbon\u00bb fullwidth=\u00bbon\u00bb _builder_version=\u00bb3.22&#8243; background_color=\u00bb#2ea3f2&#8243; use_background_color_gradient=\u00bbon\u00bb background_color_gradient_start=\u00bb#2ea3f2&#8243; background_color_gradient_end=\u00bb#2e6df4&#8243; background_color_gradient_direction=\u00bb330deg\u00bb][et_pb_fullwidth_header title=\u00bbCURSOS EN LA RED\u00bb content_max_width=\u00bbnone\u00bb _builder_version=\u00bb4.4.1&#8243; title_text_align=\u00bbcenter\u00bb background_color=\u00bb#12876f\u00bb custom_padding=\u00bb14px||3px|||\u00bb button_one_text_size__hover_enabled=\u00bboff\u00bb button_two_text_size__hover_enabled=\u00bboff\u00bb button_one_text_color__hover_enabled=\u00bboff\u00bb button_two_text_color__hover_enabled=\u00bboff\u00bb button_one_border_width__hover_enabled=\u00bboff\u00bb button_two_border_width__hover_enabled=\u00bboff\u00bb button_one_border_color__hover_enabled=\u00bboff\u00bb button_two_border_color__hover_enabled=\u00bboff\u00bb button_one_border_radius__hover_enabled=\u00bboff\u00bb button_two_border_radius__hover_enabled=\u00bboff\u00bb button_one_letter_spacing__hover_enabled=\u00bboff\u00bb button_two_letter_spacing__hover_enabled=\u00bboff\u00bb button_one_bg_color__hover_enabled=\u00bboff\u00bb button_two_bg_color__hover_enabled=\u00bboff\u00bb][\/et_pb_fullwidth_header][\/et_pb_section][et_pb_section fb_built=\u00bb1&#8243; _builder_version=\u00bb4.4.1&#8243; custom_padding=\u00bb16px|||||\u00bb][et_pb_row column_structure=\u00bb1_4,3_4&#8243; _builder_version=\u00bb4.4.1&#8243;][et_pb_column type=\u00bb1_4&#8243; _builder_version=\u00bb4.4.1&#8243;][et_pb_image src=\u00bbhttp:\/\/www.esperanto.es\/fel\/wp-content\/uploads\/2020\/05\/Zagreba-Metodo.png\u00bb align=\u00bbcenter\u00bb _builder_version=\u00bb4.4.1&#8243; height=\u00bb169px\u00bb][\/et_pb_image][\/et_pb_column][et_pb_column type=\u00bb3_4&#8243; _builder_version=\u00bb4.4.1&#8243;][et_pb_text _builder_version=\u00bb4.4.1&#8243;]<\/p>\n<p style=\"text-align: justify;\"><a href=\"https:\/\/learn.esperanto.com\/es\/?_ga=2.166232638.1625603863.1588841773-1973074550.1588841773\" target=\"_blank\" rel=\"noopener noreferrer\" title=\"ZM\">Zagreba Metodo<\/a> nos garantiza que\u00a0 aprenderemos Esperanto en 12 d\u00edas a trav\u00e9s de un vocabulario optimizado de 500 palabras b\u00e1sicas repartido en 12 lecciones.<\/p>\n<p style=\"text-align: justify;\">Haciendo clic sobre cada palabra veremos su traducci\u00f3n. Podemos escuchar cada texto gracias a los ficheros de audio. Cada lecci\u00f3n tiene su gram\u00e1tica y ejercicios.<\/p>\n<p style=\"text-align: justify;\">No es necesario abrir una cuenta.<\/p>\n<p>[\/et_pb_text][\/et_pb_column][\/et_pb_row][et_pb_row column_structure=\u00bb1_4,3_4&#8243; _builder_version=\u00bb4.4.1&#8243;][et_pb_column type=\u00bb1_4&#8243; _builder_version=\u00bb4.4.1&#8243;][et_pb_image src=\u00bbhttp:\/\/www.esperanto.es\/fel\/wp-content\/uploads\/2020\/05\/Lernu.net_emblemo-scaled.jpg\u00bb _builder_version=\u00bb4.4.1&#8243;][\/et_pb_image][\/et_pb_column][et_pb_column type=\u00bb3_4&#8243; _builder_version=\u00bb4.4.1&#8243;][et_pb_text _builder_version=\u00bb4.4.1&#8243;]<\/p>\n<p style=\"text-align: justify;\">A trav\u00e9s de una historia de misterio el curso de <a href=\"https:\/\/lernu.net\/es\/esperanto\" target=\"_blank\" rel=\"noopener noreferrer\" title=\"lernu\">Lernu<\/a> te introduce en los entresijos del idioma. Permite ver la traducci\u00f3n por palabras o por frases. Gracias al audio que acompa\u00f1a a cada texto controlar\u00e1s la pronunciaci\u00f3n.<\/p>\n<p style=\"text-align: justify;\">Incluye gram\u00e1tica, diccionario, una mediateca con m\u00fasica y audio-libros y tambi\u00e9n un foro donde desparramar.<\/p>\n<p style=\"text-align: justify;\">Es necesario abrir una cuenta. Gratis.<\/p>\n<p>[\/et_pb_text][\/et_pb_column][\/et_pb_row][et_pb_row column_structure=\u00bb1_4,3_4&#8243; _builder_version=\u00bb4.4.1&#8243;][et_pb_column type=\u00bb1_4&#8243; _builder_version=\u00bb4.4.1&#8243;][et_pb_image src=\u00bbhttp:\/\/www.esperanto.es\/fel\/wp-content\/uploads\/2020\/05\/jubilo.ca_.png\u00bb _builder_version=\u00bb4.4.1&#8243; custom_padding=\u00bb23px||||false|false\u00bb][\/et_pb_image][\/et_pb_column][et_pb_column type=\u00bb3_4&#8243; _builder_version=\u00bb4.4.1&#8243;][et_pb_text _builder_version=\u00bb4.4.1&#8243;]<\/p>\n<p style=\"text-align: justify;\">En <strong>j\u00fabilo.ca<\/strong> encontrar\u00e1s tres cursos en uno:<\/p>\n<ul>\n<li style=\"text-align: justify;\"><a href=\"http:\/\/jubilo.ca\/esperanto\/kurso\/unikodo\" target=\"_blank\" rel=\"noopener noreferrer\" title=\"jubilo\">Cl\u00e1sico<\/a>, con nociones gramaticales y ejercicios incorporados a ficheros de audio. Posibilidad de descargar las lecciones o el curso entero en formato pdf.<\/li>\n<li style=\"text-align: justify;\"><a href=\"http:\/\/jubilo.ca\/esperanto\/mazi\" target=\"_blank\" rel=\"noopener noreferrer\" title=\"Mazi\">Mazi en Gondolando<\/a>.\u00a0 Videocurso en Esperanto, versi\u00f3n del famoso curso <a href=\"https:\/\/es.wikipedia.org\/wiki\/Muzzy\" target=\"_blank\" rel=\"noopener noreferrer\" title=\"muzzy\">Muzzy<\/a> adaptado a varios idiomas.<\/li>\n<li style=\"text-align: justify;\"><a href=\"http:\/\/jubilo.ca\/esperanto\/pasporto\" target=\"_blank\" rel=\"noopener noreferrer\" title=\"pasporto\">Pasporto al la tuta mondo<\/a>. Videocurso con pdf descargable para poder leer los di\u00e1logos mientras vemos el v\u00eddeo.<\/li>\n<\/ul>\n<p>[\/et_pb_text][\/et_pb_column][\/et_pb_row][et_pb_row column_structure=\u00bb1_4,3_4&#8243; _builder_version=\u00bb4.4.1&#8243;][et_pb_column type=\u00bb1_4&#8243; _builder_version=\u00bb4.4.1&#8243;][et_pb_image src=\u00bbhttp:\/\/www.esperanto.es\/fel\/wp-content\/uploads\/2020\/05\/duolingo-Eo.png\u00bb align=\u00bbcenter\u00bb _builder_version=\u00bb4.4.1&#8243; height=\u00bb100px\u00bb][\/et_pb_image][\/et_pb_column][et_pb_column type=\u00bb3_4&#8243; _builder_version=\u00bb4.4.1&#8243;][et_pb_text _builder_version=\u00bb4.4.1&#8243;]<\/p>\n<p style=\"text-align: justify;\"><a href=\"https:\/\/es.wikipedia.org\/wiki\/Duolingo\" target=\"_blank\" rel=\"noopener noreferrer\" title=\"duolingo\">Duolingo<\/a> es un portal en donde puedes aprender idiomas c\u00f3modamente en cualquier dispositivo.<\/p>\n<p style=\"text-align: justify;\">La versi\u00f3n de <a href=\"https:\/\/www.duolingo.com\/welcome\" target=\"_blank\" rel=\"noopener noreferrer\" title=\"duolingo eo\">Duolingo en Esperanto<\/a> para Android carece de aclaraciones gramaticales, no as\u00ed si lo usas desde Windows.<\/p>\n<p>[\/et_pb_text][\/et_pb_column][\/et_pb_row][et_pb_row column_structure=\u00bb1_4,3_4&#8243; _builder_version=\u00bb4.4.1&#8243;][et_pb_column type=\u00bb1_4&#8243; _builder_version=\u00bb4.4.1&#8243;][et_pb_image src=\u00bbhttp:\/\/www.esperanto.es\/fel\/wp-content\/uploads\/2020\/05\/Kurso-de-Esperanto.png\u00bb align=\u00bbcenter\u00bb _builder_version=\u00bb4.4.1&#8243; height=\u00bb100px\u00bb][\/et_pb_image][\/et_pb_column][et_pb_column type=\u00bb3_4&#8243; _builder_version=\u00bb4.4.1&#8243;][et_pb_text _builder_version=\u00bb4.4.1&#8243;]<\/p>\n<p style=\"text-align: justify;\"><a href=\"http:\/\/www.kurso.com.br\/index.php?es\" target=\"_blank\" rel=\"noopener noreferrer\" title=\"kurso\">Kurso de Esperanto<\/a> es una aplicaci\u00f3n compatible con Windows, Mac OsX y Linux. Tambi\u00e9n permite imprimir las lecciones y los ejercicios.<\/p>\n<p style=\"text-align: justify;\">Cuenta con un servicio de correci\u00f3n as\u00ed como de una mediateca con canciones en Esperanto.<\/p>\n<p>[\/et_pb_text][\/et_pb_column][\/et_pb_row][et_pb_row column_structure=\u00bb1_4,3_4&#8243; _builder_version=\u00bb4.4.1&#8243;][et_pb_column type=\u00bb1_4&#8243; _builder_version=\u00bb4.4.1&#8243;][et_pb_image src=\u00bbhttp:\/\/www.esperanto.es\/fel\/wp-content\/uploads\/2020\/05\/NME-fernando-de-diego.jpg\u00bb align=\u00bbcenter\u00bb _builder_version=\u00bb4.4.1&#8243; height=\u00bb202px\u00bb custom_margin=\u00bb10px||||false|false\u00bb][\/et_pb_image][\/et_pb_column][et_pb_column type=\u00bb3_4&#8243; _builder_version=\u00bb4.4.1&#8243;][et_pb_text _builder_version=\u00bb4.4.1&#8243;]<\/p>\n<p style=\"text-align: justify;\">El <a href=\"https:\/\/www.pdf-archive.com\/2012\/02\/12\/n-m-de-esperanto\/\" target=\"_blank\" rel=\"noopener noreferrer\" title=\"NME\">Nuevo M\u00e9todo de Esperanto<\/a>, de <a href=\"https:\/\/es.wikipedia.org\/wiki\/Fernando_de_Diego\" target=\"_blank\" rel=\"noopener noreferrer\" title=\"de Diego\">Fernando de Diego<\/a>, ahora descargable en pdf, es sin duda el m\u00e1s completo. Aconsejable para aquellos a quienes no les importe un formato tradicional (texto en forma de di\u00e1logos, comentarios gramaticales sobre los mismos, listas de vocabulario y ejercicios de traducci\u00f3n directa e inversa con sus soluciones).<\/p>\n<p style=\"text-align: justify;\">Igualmente interesantes encontrar\u00e1 el estudioso las numerosas tablas resumen de elementos gramaticales y los ap\u00e9ndices con nociones de m\u00e9trica, ciencia y tecnolog\u00eda.<\/p>\n<p style=\"text-align: justify;\">Es cierto que a este admirable autor se les escapan de cuando en cuando palabros tales como \u00abaposiciones especificativas\u00bb, pero a\u00fan as\u00ed esta obra en cualquiera de sus formatos no puede faltar si quieres profundizar.<\/p>\n<p>[\/et_pb_text][\/et_pb_column][\/et_pb_row][et_pb_row column_structure=\u00bb1_4,3_4&#8243; _builder_version=\u00bb4.4.1&#8243;][et_pb_column type=\u00bb1_4&#8243; _builder_version=\u00bb4.4.1&#8243;][et_pb_image src=\u00bbhttp:\/\/www.esperanto.es\/fel\/wp-content\/uploads\/2020\/05\/sabeustedesperanto.jpg\u00bb align=\u00bbcenter\u00bb _builder_version=\u00bb4.4.1&#8243; height=\u00bb142px\u00bb custom_margin=\u00bb10px||||false|false\u00bb][\/et_pb_image][\/et_pb_column][et_pb_column type=\u00bb3_4&#8243; _builder_version=\u00bb4.4.1&#8243;][et_pb_text _builder_version=\u00bb4.4.1&#8243; custom_margin=\u00bb32px||||false|false\u00bb]<\/p>\n<p style=\"text-align: justify;\"><a href=\"http:\/\/www.esperanto.es:8080\/jspui\/bitstream\/11013\/90\/1\/SABE_UD_ESPERANTO.pdf\" target=\"_blank\" rel=\"noopener noreferrer\" title=\"sabeustedEo\">\u00bfSabe usted Esperanto?<\/a> de Jorge Hess, en su versi\u00f3n en papel es un librito muy c\u00f3modo de transportar y consultar en cualquier lugar. Sus ilustraciones son esquem\u00e1ticas pero pr\u00e1cticas. La estructura es la cl\u00e1sica (texto, gram\u00e1tica y ejercicios). Incluye un diccionario relativo a los t\u00e9rminos usados en la obra.<\/p>\n<p>[\/et_pb_text][\/et_pb_column][\/et_pb_row][et_pb_row column_structure=\u00bb1_4,3_4&#8243; _builder_version=\u00bb4.4.1&#8243;][et_pb_column type=\u00bb1_4&#8243; _builder_version=\u00bb4.4.1&#8243;][et_pb_image src=\u00bbhttp:\/\/www.esperanto.es\/fel\/wp-content\/uploads\/2020\/05\/esperanto-facil.jpg\u00bb align=\u00bbcenter\u00bb _builder_version=\u00bb4.4.1&#8243; height=\u00bb100px\u00bb custom_margin=\u00bb10px||||false|false\u00bb][\/et_pb_image][\/et_pb_column][et_pb_column type=\u00bb3_4&#8243; _builder_version=\u00bb4.4.1&#8243;][et_pb_text _builder_version=\u00bb4.4.1&#8243; custom_margin=\u00bb32px||||false|false\u00bb]<\/p>\n<p style=\"text-align: justify;\"><a href=\"https:\/\/www.youtube.com\/watch?v=6WI42Tyvx8Q\" target=\"_blank\" rel=\"noopener noreferrer\" title=\"esperantofacil\">Esperanto f\u00e1cil<\/a> es un curso por Youtube.<\/p>\n<p style=\"text-align: justify;\">Contiene ejercicios y usa un vocabulario b\u00e1sico.<\/p>\n<p>[\/et_pb_text][\/et_pb_column][\/et_pb_row][et_pb_row column_structure=\u00bb1_4,3_4&#8243; _builder_version=\u00bb4.4.1&#8243;][et_pb_column type=\u00bb1_4&#8243; _builder_version=\u00bb4.4.1&#8243;][et_pb_image src=\u00bbhttp:\/\/www.esperanto.es\/fel\/wp-content\/uploads\/2020\/05\/benson.jpg\u00bb align=\u00bbcenter\u00bb _builder_version=\u00bb4.4.1&#8243; height=\u00bb100px\u00bb custom_margin=\u00bb10px||||false|false\u00bb][\/et_pb_image][\/et_pb_column][et_pb_column type=\u00bb3_4&#8243; _builder_version=\u00bb4.4.1&#8243;][et_pb_text _builder_version=\u00bb4.4.1&#8243; custom_margin=\u00bb19px||||false|false\u00bb]<\/p>\n<p style=\"text-align: justify;\">El <a href=\"https:\/\/www.youtube.com\/watch?v=QuQEeE5WgNw&amp;list=PL90EA5152E9F94E38\" target=\"_blank\" rel=\"noopener noreferrer\" title=\"metodo benson\">Universala Esperanto-Metodo<\/a>, creado por el doctor <a href=\"https:\/\/eo.wikipedia.org\/wiki\/William_Sol_Benson\" target=\"_blank\" rel=\"noopener noreferrer\" title=\"Willian Son Benson\">William Son Benson<\/a> en 1932, es un m\u00e9todo directo, es decir, aprendes Esperanto usando s\u00f3lo y exclusivamente Esperanto.<\/p>\n<p style=\"text-align: justify;\">Auna ese vetusto sabor \u00abvintage\u00bb con la modernidad de Youtube.<\/p>\n<p>[\/et_pb_text][\/et_pb_column][\/et_pb_row][et_pb_row column_structure=\u00bb1_4,3_4&#8243; _builder_version=\u00bb4.4.1&#8243;][et_pb_column type=\u00bb1_4&#8243; _builder_version=\u00bb4.4.1&#8243;][et_pb_image src=\u00bbhttp:\/\/www.esperanto.es\/fel\/wp-content\/uploads\/2020\/05\/curso-esperanto-ramon-morales.jpg\u00bb align=\u00bbcenter\u00bb _builder_version=\u00bb4.4.1&#8243; height=\u00bb100px\u00bb custom_margin=\u00bb10px||||false|false\u00bb][\/et_pb_image][\/et_pb_column][et_pb_column type=\u00bb3_4&#8243; _builder_version=\u00bb4.4.1&#8243;][et_pb_text _builder_version=\u00bb4.4.1&#8243; custom_margin=\u00bb44px||||false|false\u00bb]<\/p>\n<p style=\"text-align: justify;\">El curso de Ram\u00f3n Morales Castel consta de 19 cap\u00edtulos repartidos en <a href=\"https:\/\/issuu.com\/ramonmoralescastel\/docs\/ram__n_morales_castel_curso_de_espe\" target=\"_blank\" rel=\"noopener noreferrer\" title=\"castel\">parte 1<\/a> y <a href=\"https:\/\/issuu.com\/ramonmoralescastel\/docs\/ram__n_morales_castel_curso_de_espe_0a5e00d746214a\" target=\"_blank\" rel=\"noopener noreferrer\" title=\"parte 2\">parte 2<\/a>.<\/p>\n<p>[\/et_pb_text][\/et_pb_column][\/et_pb_row][et_pb_row column_structure=\u00bb1_4,3_4&#8243; _builder_version=\u00bb4.4.1&#8243;][et_pb_column type=\u00bb1_4&#8243; _builder_version=\u00bb4.4.1&#8243;][et_pb_image src=\u00bbhttp:\/\/www.esperanto.es\/fel\/wp-content\/uploads\/2020\/05\/twitter.png\u00bb align=\u00bbcenter\u00bb _builder_version=\u00bb4.4.1&#8243; height=\u00bb100px\u00bb custom_margin=\u00bb10px||||false|false\u00bb][\/et_pb_image][\/et_pb_column][et_pb_column type=\u00bb3_4&#8243; _builder_version=\u00bb4.4.1&#8243;][et_pb_text _builder_version=\u00bb4.4.1&#8243; custom_margin=\u00bb32px||||false|false\u00bb]<\/p>\n<p style=\"text-align: justify;\">Si twitteas te puede interesar asomarte <a href=\"https:\/\/twitter.com\/kurso_esperanto\" target=\"_blank\" rel=\"noopener noreferrer\" title=\"twitter\">aqu\u00ed<\/a>.<\/p>\n<p>[\/et_pb_text][\/et_pb_column][\/et_pb_row][\/et_pb_section][et_pb_section fb_built=\u00bb1&#8243; inner_shadow=\u00bbon\u00bb fullwidth=\u00bbon\u00bb _builder_version=\u00bb3.22&#8243; background_color=\u00bb#2ea3f2&#8243; use_background_color_gradient=\u00bbon\u00bb background_color_gradient_start=\u00bb#2ea3f2&#8243; background_color_gradient_end=\u00bb#2e6df4&#8243; background_color_gradient_direction=\u00bb330deg\u00bb][et_pb_fullwidth_header title=\u00bbTTT-PA\u011cOJ (webs)\u00bb content_max_width=\u00bbnone\u00bb _builder_version=\u00bb4.4.1&#8243; title_text_align=\u00bbcenter\u00bb background_color=\u00bb#12876f\u00bb custom_padding=\u00bb14px||3px|||\u00bb button_one_text_size__hover_enabled=\u00bboff\u00bb button_two_text_size__hover_enabled=\u00bboff\u00bb button_one_text_color__hover_enabled=\u00bboff\u00bb button_two_text_color__hover_enabled=\u00bboff\u00bb button_one_border_width__hover_enabled=\u00bboff\u00bb button_two_border_width__hover_enabled=\u00bboff\u00bb button_one_border_color__hover_enabled=\u00bboff\u00bb button_two_border_color__hover_enabled=\u00bboff\u00bb button_one_border_radius__hover_enabled=\u00bboff\u00bb button_two_border_radius__hover_enabled=\u00bboff\u00bb button_one_letter_spacing__hover_enabled=\u00bboff\u00bb button_two_letter_spacing__hover_enabled=\u00bboff\u00bb button_one_bg_color__hover_enabled=\u00bboff\u00bb button_two_bg_color__hover_enabled=\u00bboff\u00bb][\/et_pb_fullwidth_header][\/et_pb_section][et_pb_section fb_built=\u00bb1&#8243; _builder_version=\u00bb4.4.1&#8243; custom_padding=\u00bb16px|||||\u00bb][et_pb_row column_structure=\u00bb1_4,1_4,1_4,1_4&#8243; _builder_version=\u00bb4.4.1&#8243; background_image=\u00bbhttp:\/\/www.esperanto.es\/fel\/wp-content\/uploads\/2020\/05\/fondo-libros-difu.jpg\u00bb custom_padding=\u00bb||17px|||\u00bb][et_pb_column type=\u00bb1_4&#8243; _builder_version=\u00bb4.4.1&#8243;][et_pb_text _builder_version=\u00bb4.4.1&#8243; text_font=\u00bb|600|||||||\u00bb text_text_color=\u00bb#e02b20&#8243; text_font_size=\u00bb30px\u00bb custom_margin=\u00bb212px||||false|false\u00bb custom_padding=\u00bb|||7px|false|false\u00bb text_text_shadow_style=\u00bbpreset2&#8243;]<\/p>\n<p>Publicaciones<\/p>\n<p>[\/et_pb_text][\/et_pb_column][et_pb_column type=\u00bb1_4&#8243; _builder_version=\u00bb4.4.1&#8243;][et_pb_text _builder_version=\u00bb4.4.1&#8243; custom_padding=\u00bb|10px||7px|false|false\u00bb]<\/p>\n<p><strong><a href=\"https:\/\/literaturo.weebly.com\/\" target=\"_blank\" rel=\"noopener noreferrer\" title=\"webly\">Literaturo en Esperanto<\/a><\/strong><\/p>\n<p style=\"text-align: justify;\"><strong>Amena presentaci\u00f3n de gran cantidad de libros y revistas, todos accesibles, clasificados por temas.\u00a0<\/strong><strong>Muchos tambi\u00e9n en formato pdf.<\/strong><\/p>\n<p>[\/et_pb_text][et_pb_text _builder_version=\u00bb4.4.1&#8243; custom_margin=\u00bb|8px||7px|false|false\u00bb custom_padding=\u00bb45px||||false|false\u00bb]<\/p>\n<p><strong><a href=\"http:\/\/esperanto-ondo.ru\/Libroj\/Libroj.php\" target=\"_blank\" rel=\"noopener noreferrer\" title=\"esperanto-ondo.ru\">Esperanto-ondo.ru<\/a><\/strong><\/p>\n<p style=\"text-align: justify;\"><strong>Casi todos los t\u00edtulos presentados son descargables gratuitamente en varios formatos.<\/strong><\/p>\n<p>[\/et_pb_text][\/et_pb_column][et_pb_column type=\u00bb1_4&#8243; _builder_version=\u00bb4.4.1&#8243;][et_pb_text _builder_version=\u00bb4.4.1&#8243; custom_margin=\u00bb|7px||9px|false|false\u00bb]<\/p>\n<p><strong><a href=\"http:\/\/i-espero.info\/\" target=\"_blank\" rel=\"noopener noreferrer\" title=\"i-espero.info\">i-espero.info<\/a><\/strong><\/p>\n<p style=\"text-align: justify;\"><strong>A trav\u00e9s del men\u00fa en Esperanto: \u00abart\u00edculos\u00bb, \u00abtraducciones\u00bb, \u00abalmac\u00e9n de descargas\u00bb y \u00abotros\u00bb podremos acceder a no demasiados t\u00edtulos.<\/strong><\/p>\n<p>[\/et_pb_text][et_pb_text _builder_version=\u00bb4.4.1&#8243; custom_margin=\u00bb|7px||7px|false|false\u00bb custom_padding=\u00bb22px||||false|false\u00bb]<\/p>\n<p><strong><a href=\"https:\/\/web.archive.org\/web\/20080213111948\/http:\/\/donh.best.vwh.net\/Esperanto\/Literaturo\/literaturo.html\" target=\"_blank\" rel=\"noopener noreferrer\" title=\"Don Harlow\">P\u00e1gina de Don Harlow<\/a><\/strong><\/p>\n<p style=\"text-align: justify;\"><strong>Ingente cantidad de obras clasificadas por autores, para disfrutar directamente en el sitio, sin posibilidad de descargas.<\/strong><\/p>\n<p>[\/et_pb_text][\/et_pb_column][et_pb_column type=\u00bb1_4&#8243; _builder_version=\u00bb4.4.1&#8243;][et_pb_text _builder_version=\u00bb4.4.1&#8243; custom_margin=\u00bb|2px||9px|false|false\u00bb custom_padding=\u00bb|10px|||false|false\u00bb]<\/p>\n<p><strong><a href=\"https:\/\/global-asp.github.io\/storybooks-esperantujo\/\" target=\"_blank\" rel=\"noopener noreferrer\" title=\"rakontoj\">Rakontoj por Esperantujo<\/a><\/strong><\/p>\n<p style=\"text-align: justify;\"><strong>Colecci\u00f3n de 40 narraciones con bellos dibujos y en ocasiones acompa\u00f1adas de audio. Extra\u00eddas y traducidas de la obra African Storybook. Indicada para los m\u00e1s j\u00f3venes.<\/strong><\/p>\n<p>[\/et_pb_text][et_pb_text _builder_version=\u00bb4.4.1&#8243; custom_margin=\u00bb|3px||8px|false|false\u00bb custom_padding=\u00bb|10px|||false|false\u00bb]<\/p>\n<p><strong><a href=\"https:\/\/eo.wikipedia.org\/wiki\/Esperanto-gazeto\" target=\"_blank\" rel=\"noopener noreferrer\" title=\"Gazetaro\">Publicaciones peri\u00f3dicas<\/a><\/strong><\/p>\n<p style=\"text-align: justify;\"><strong>En este art\u00edculo de Vikipedio se clasifican numerosos enlaces que nos permitir\u00e1n conocer todo tipo de publicaciones peri\u00f3dicas de \u00e1mbito general o especializado.<\/strong><\/p>\n<p>[\/et_pb_text][\/et_pb_column][\/et_pb_row][et_pb_row column_structure=\u00bb1_4,3_4&#8243; _builder_version=\u00bb4.4.1&#8243;][et_pb_column type=\u00bb1_4&#8243; _builder_version=\u00bb4.4.1&#8243;][et_pb_text _builder_version=\u00bb4.4.1&#8243; text_font=\u00bb|600|||||||\u00bb text_text_color=\u00bb#e02b20&#8243; text_font_size=\u00bb30px\u00bb text_text_shadow_style=\u00bbpreset2&#8243;]<\/p>\n<p>Blogs<\/p>\n<p>[\/et_pb_text][\/et_pb_column][et_pb_column type=\u00bb3_4&#8243; _builder_version=\u00bb4.4.1&#8243;][et_pb_text _builder_version=\u00bb4.4.1&#8243;]<\/p>\n<p>En <a href=\"http:\/\/www.eonet.ne.jp\/~skrg\/esperantajblogoj.html\" target=\"_blank\" rel=\"noopener noreferrer\" title=\"blogs\">Esperantaj blogoj<\/a> encontrar\u00e1s m\u00e1s de 2500 blogs en Esperanto.<\/p>\n<p>[\/et_pb_text][\/et_pb_column][\/et_pb_row][et_pb_row column_structure=\u00bb1_4,3_4&#8243; _builder_version=\u00bb4.4.1&#8243;][et_pb_column type=\u00bb1_4&#8243; _builder_version=\u00bb4.4.1&#8243;][et_pb_text _builder_version=\u00bb4.4.1&#8243; text_font=\u00bb|600|||||||\u00bb text_text_color=\u00bb#e02b20&#8243; text_font_size=\u00bb30px\u00bb text_text_shadow_style=\u00bbpreset2&#8243;]<\/p>\n<p>M\u00fasica<\/p>\n<p>[\/et_pb_text][\/et_pb_column][et_pb_column type=\u00bb3_4&#8243; _builder_version=\u00bb4.4.1&#8243;][et_pb_text _builder_version=\u00bb4.4.1&#8243;]<\/p>\n<p style=\"text-align: justify;\">Hay mucha m\u00fasica en Esperanto, de diversa calidad. Vikipedio ha recopilado <a href=\"https:\/\/eo.wikipedia.org\/wiki\/Esperanto-muziko\" target=\"_blank\" rel=\"noopener noreferrer\" title=\"musica\">esto<\/a> para ti.<\/p>\n<p>[\/et_pb_text][\/et_pb_column][\/et_pb_row][et_pb_row column_structure=\u00bb1_4,3_4&#8243; _builder_version=\u00bb4.4.1&#8243;][et_pb_column type=\u00bb1_4&#8243; _builder_version=\u00bb4.4.1&#8243;][et_pb_text _builder_version=\u00bb4.4.1&#8243; text_font=\u00bb|600|||||||\u00bb text_text_color=\u00bb#e02b20&#8243; text_font_size=\u00bb30px\u00bb text_text_shadow_style=\u00bbpreset2&#8243;]<\/p>\n<p>Grabaciones<\/p>\n<p>[\/et_pb_text][\/et_pb_column][et_pb_column type=\u00bb3_4&#8243; _builder_version=\u00bb4.4.1&#8243;][et_pb_text _builder_version=\u00bb4.4.1&#8243;]<\/p>\n<p style=\"text-align: justify;\">Recopilaci\u00f3n de varios <a href=\"https:\/\/idiomaesperanto.weebly.com\/radio-podcast.html\" target=\"_blank\" rel=\"noopener noreferrer\" title=\"podcast\">podcast<\/a> en esta lengua internacional.<\/p>\n<p>[\/et_pb_text][\/et_pb_column][\/et_pb_row][et_pb_row column_structure=\u00bb1_4,1_4,1_4,1_4&#8243; _builder_version=\u00bb4.4.1&#8243; background_image=\u00bbhttp:\/\/www.esperanto.es\/fel\/wp-content\/uploads\/2020\/05\/asociacion-difu.jpg\u00bb][et_pb_column type=\u00bb1_4&#8243; _builder_version=\u00bb4.4.1&#8243;][et_pb_text _builder_version=\u00bb4.4.1&#8243; text_font=\u00bb|600|||||||\u00bb text_text_color=\u00bb#e02b20&#8243; text_font_size=\u00bb30px\u00bb custom_margin=\u00bb133px||||false|false\u00bb custom_padding=\u00bb|||17px|false|false\u00bb text_text_shadow_style=\u00bbpreset2&#8243;]<\/p>\n<p>Entidades<\/p>\n<p>[\/et_pb_text][et_pb_text _builder_version=\u00bb4.4.1&#8243; custom_margin=\u00bb|10px|||false|false\u00bb custom_padding=\u00bb|||20px|false|false\u00bb]<\/p>\n<p style=\"text-align: justify;\"><strong>A la derecha mostramos algunos ejemplos del asociacionismo en el mundo esperantista.<\/strong><\/p>\n<p style=\"text-align: justify;\"><strong>Si deseas conocer m\u00e1s ejemplos, mira <a href=\"https:\/\/eo.wikipedia.org\/wiki\/Esperanto-asocio\" target=\"_blank\" rel=\"noopener noreferrer\" title=\"asociaciones\">aqu\u00ed<\/a>.<\/strong><\/p>\n<p>&nbsp;<\/p>\n<p>[\/et_pb_text][\/et_pb_column][et_pb_column type=\u00bb1_4&#8243; _builder_version=\u00bb4.4.1&#8243;][et_pb_blurb image=\u00bbhttp:\/\/www.esperanto.es\/fel\/wp-content\/uploads\/2020\/05\/HEF.jpg\u00bb icon_placement=\u00bbleft\u00bb _builder_version=\u00bb4.4.1&#8243; body_text_align=\u00bbjustify\u00bb custom_margin=\u00bb|10px|||false|false\u00bb]<\/p>\n<p><strong><a href=\"https:\/\/es.wikipedia.org\/wiki\/Federaci%C3%B3n_Espa%C3%B1ola_de_Esperanto\" target=\"_blank\" rel=\"noopener noreferrer\" title=\"hef\">HEF<\/a><\/strong><\/p>\n<p><strong>La <a href=\"https:\/\/www.esperanto.es\/hef\/\" target=\"_blank\" rel=\"noopener noreferrer\" title=\"hef\">Federaci\u00f3n Espa\u00f1ola de Esperanto<\/a>\u00a0agrupa a numerosos clubes y asociaciones en Espa\u00f1a.<\/strong><\/p>\n<p>[\/et_pb_blurb][et_pb_blurb image=\u00bbhttp:\/\/www.esperanto.es\/fel\/wp-content\/uploads\/2020\/05\/UEA-emblema.jpg\u00bb icon_placement=\u00bbleft\u00bb _builder_version=\u00bb4.4.1&#8243; body_text_align=\u00bbjustify\u00bb custom_margin=\u00bb3px|10px|||false|false\u00bb custom_padding=\u00bb24px||||false|false\u00bb]<\/p>\n<p><strong><a href=\"https:\/\/es.wikipedia.org\/wiki\/Asociaci%C3%B3n_Universal_de_Esperanto\" target=\"_blank\" rel=\"noopener noreferrer\" title=\"uea\">UEA<\/a><\/strong><\/p>\n<p style=\"text-align: justify;\"><strong><a href=\"https:\/\/www.uea.org\/\" target=\"_blank\" rel=\"noopener noreferrer\" title=\"uea\">Universala Esperanto Asocio<\/a> es la organizaci\u00f3n de Esperanto de \u00e1mbito internacional\u00a0 m\u00e1s importante.<\/strong><\/p>\n<p>[\/et_pb_blurb][et_pb_blurb image=\u00bbhttp:\/\/www.esperanto.es\/fel\/wp-content\/uploads\/2020\/05\/skoltoj.png\u00bb icon_placement=\u00bbleft\u00bb _builder_version=\u00bb4.4.1&#8243;]<\/p>\n<p><strong><a href=\"https:\/\/www.facebook.com\/Skoltismo\/\" target=\"_blank\" rel=\"noopener noreferrer\" title=\"skoltoj\">Scouts<\/a><\/strong><\/p>\n<p style=\"text-align: justify;\"><strong>Skolta Esperanto-Ligo<\/strong><\/p>\n<p>[\/et_pb_blurb][\/et_pb_column][et_pb_column type=\u00bb1_4&#8243; _builder_version=\u00bb4.4.1&#8243;][et_pb_blurb image=\u00bbhttp:\/\/www.esperanto.es\/fel\/wp-content\/uploads\/2020\/05\/mel.jpg\u00bb icon_placement=\u00bbleft\u00bb _builder_version=\u00bb4.4.1&#8243; custom_margin=\u00bb|10px|||false|false\u00bb]<\/p>\n<p><strong><a href=\"https:\/\/www.esperanto.es\/hef\/index.php\/36-vasco\/170-liceo-de-esperanto-de-madrid\" target=\"_blank\" rel=\"noopener noreferrer\" title=\"mel\">MEL<\/a><\/strong><\/p>\n<p style=\"text-align: justify;\"><strong>El Liceo de Esperanto de Madrid comparte sede f\u00edsica y digital con la Federaci\u00f3n Espa\u00f1ola de Esperanto.<\/strong><\/p>\n<p>[\/et_pb_blurb][et_pb_blurb image=\u00bbhttp:\/\/www.esperanto.es\/fel\/wp-content\/uploads\/2020\/05\/eeu.jpg\u00bb icon_placement=\u00bbleft\u00bb _builder_version=\u00bb4.4.1&#8243;]<\/p>\n<p><strong><a href=\"https:\/\/es.wikipedia.org\/wiki\/Uni%C3%B3n_Europea_de_Esperanto\" target=\"_blank\" rel=\"noopener noreferrer\" title=\"eeu\">EEU<\/a><\/strong><\/p>\n<p style=\"text-align: justify;\"><strong><a href=\"https:\/\/www.europo.eu\/eo\/chefpagho\" target=\"_blank\" rel=\"noopener noreferrer\" title=\"eeu\">E\u016dropa Esperanto-Unio<\/a>.<\/strong><\/p>\n<p style=\"text-align: justify;\"><strong>Esperantismo en el continente europeo.<\/strong><\/p>\n<p>[\/et_pb_blurb][et_pb_blurb image=\u00bbhttp:\/\/www.esperanto.es\/fel\/wp-content\/uploads\/2020\/05\/sat.jpg\u00bb icon_placement=\u00bbleft\u00bb _builder_version=\u00bb4.4.1&#8243; custom_margin=\u00bb|10px|||false|false\u00bb custom_padding=\u00bb54px||||false|false\u00bb]<\/p>\n<p><strong><a href=\"https:\/\/es.wikipedia.org\/wiki\/Sennacieca_Asocio_Tutmonda\" target=\"_blank\" rel=\"noopener noreferrer\" title=\"sat\">SAT<\/a><\/strong><\/p>\n<p style=\"text-align: justify;\"><strong>La <a href=\"http:\/\/satesperanto.org\/\" target=\"_blank\" rel=\"noopener noreferrer\" title=\"sat\">Asociaci\u00f3n Mundial Anacional<\/a>, tiene una filial espa\u00f1ola: <a href=\"https:\/\/www.nodo50.org\/esperanto\/\" target=\"_blank\" rel=\"noopener noreferrer\" title=\"sateh\">SATeH<\/a>.<\/strong><\/p>\n<p>[\/et_pb_blurb][\/et_pb_column][et_pb_column type=\u00bb1_4&#8243; _builder_version=\u00bb4.4.1&#8243;][et_pb_blurb use_icon=\u00bbon\u00bb font_icon=\u00bb%%171%%\u00bb icon_color=\u00bb#7cda24&#8243; icon_placement=\u00bbleft\u00bb _builder_version=\u00bb4.4.1&#8243; custom_margin=\u00bb|3px|||false|false\u00bb custom_padding=\u00bb|8px|||false|false\u00bb]<\/p>\n<p><strong><a href=\"https:\/\/es.wikipedia.org\/wiki\/Fundaci%C3%B3n_Esperanto\" target=\"_blank\" rel=\"noopener noreferrer\" title=\"FE\">Fundaci\u00f3n Esperanto<\/a><\/strong><\/p>\n<p style=\"text-align: justify;\"><strong>Comparte sede digital con la <a href=\"https:\/\/www.esperanto.es\/hef\/index.php\/fundacion-esperanto\" target=\"_blank\" rel=\"noopener noreferrer\" title=\"FE\">Federaci\u00f3n Espa\u00f1ola de Esperanto<\/a>.<\/strong><\/p>\n<p>[\/et_pb_blurb][et_pb_blurb image=\u00bbhttp:\/\/www.esperanto.es\/fel\/wp-content\/uploads\/2020\/05\/tejo.jpg\u00bb icon_placement=\u00bbleft\u00bb _builder_version=\u00bb4.4.1&#8243; custom_margin=\u00bb|4px|||false|false\u00bb custom_padding=\u00bb43px|7px|||false|false\u00bb]<\/p>\n<p><strong><a href=\"https:\/\/eo.wikipedia.org\/wiki\/Tutmonda_Esperantista_Junulara_Organizo\" target=\"_blank\" rel=\"noopener noreferrer\" title=\"tejo\">TEJO<\/a><\/strong><\/p>\n<p style=\"text-align: justify;\"><strong><a href=\"https:\/\/www.tejo.org\/\" target=\"_blank\" rel=\"noopener noreferrer\" title=\"tejo\">Tutmonda Esperantista Junulara Organizo<\/a><\/strong><\/p>\n<p style=\"text-align: justify;\"><strong>esto es: Organizaci\u00f3n Esperantista Mundial Juvenil<\/strong><\/p>\n<p>[\/et_pb_blurb][et_pb_blurb image=\u00bbhttp:\/\/www.esperanto.es\/fel\/wp-content\/uploads\/2020\/05\/IKUE.jpg\u00bb icon_placement=\u00bbleft\u00bb _builder_version=\u00bb4.4.1&#8243; custom_padding=\u00bb8px|8px|||false|false\u00bb]<\/p>\n<p><strong><a href=\"https:\/\/eo.wikipedia.org\/wiki\/Internacia_Katolika_Unui%C4%9Do_Esperantista\" target=\"_blank\" rel=\"noopener noreferrer\" title=\"ikue\">IKUE<\/a><\/strong><\/p>\n<p style=\"text-align: justify;\"><strong>La <a href=\"http:\/\/www.ikue.org\/\" target=\"_blank\" rel=\"noopener noreferrer\" title=\"ikue\">Internacia Katolika Unui\u011do Esperantista<\/a> tiene su sede en Roma.<\/strong><\/p>\n<p>[\/et_pb_blurb][\/et_pb_column][\/et_pb_row][\/et_pb_section]<\/p>\n<div style='text-align:center' class='yasr-auto-insert-visitor'><\/div>","protected":false},"excerpt":{"rendered":"<p>[et_pb_section fb_built=\u00bb1&#8243; inner_shadow=\u00bbon\u00bb fullwidth=\u00bbon\u00bb _builder_version=\u00bb3.22&#8243; background_color=\u00bb#2ea3f2&#8243; use_background_color_gradient=\u00bbon\u00bb background_color_gradient_start=\u00bb#2ea3f2&#8243; background_color_gradient_end=\u00bb#2e6df4&#8243; background_color_gradient_direction=\u00bb330deg\u00bb][et_pb_fullwidth_header title=\u00bbCIRCUNFLEJOS\u00bb content_max_width=\u00bbnone\u00bb _builder_version=\u00bb4.4.1&#8243; title_text_align=\u00bbcenter\u00bb background_color=\u00bb#12876f\u00bb custom_padding=\u00bb14px||3px|||\u00bb hover_enabled=\u00bb0&#8243; button_one_text_size__hover_enabled=\u00bboff\u00bb button_two_text_size__hover_enabled=\u00bboff\u00bb button_one_text_color__hover_enabled=\u00bboff\u00bb button_two_text_color__hover_enabled=\u00bboff\u00bb button_one_border_width__hover_enabled=\u00bboff\u00bb button_two_border_width__hover_enabled=\u00bboff\u00bb button_one_border_color__hover_enabled=\u00bboff\u00bb button_two_border_color__hover_enabled=\u00bboff\u00bb button_one_border_radius__hover_enabled=\u00bboff\u00bb button_two_border_radius__hover_enabled=\u00bboff\u00bb button_one_letter_spacing__hover_enabled=\u00bboff\u00bb button_two_letter_spacing__hover_enabled=\u00bboff\u00bb button_one_bg_color__hover_enabled=\u00bboff\u00bb button_two_bg_color__hover_enabled=\u00bboff\u00bb][\/et_pb_fullwidth_header][\/et_pb_section][et_pb_section fb_built=\u00bb1&#8243; _builder_version=\u00bb4.4.1&#8243; custom_padding=\u00bb2px||3px|||\u00bb][et_pb_row column_structure=\u00bb1_3,1_3,1_3&#8243; _builder_version=\u00bb4.4.1&#8243; background_enable_image=\u00bboff\u00bb background_size=\u00bbinitial\u00bb background_position=\u00bbcenter_left\u00bb module_alignment=\u00bbcenter\u00bb][et_pb_column type=\u00bb1_3&#8243; _builder_version=\u00bb4.4.1&#8243;][et_pb_image src=\u00bbhttp:\/\/www.esperanto.es\/fel\/wp-content\/uploads\/2020\/05\/circunflejos-u.jpg\u00bb _builder_version=\u00bb4.4.1&#8243;][\/et_pb_image][et_pb_blurb title=\u00bbOrigen\u00bb image=\u00bbhttp:\/\/www.esperanto.es\/fel\/wp-content\/uploads\/2020\/05\/wikipedia.jpg\u00bb icon_placement=\u00bbleft\u00bb _builder_version=\u00bb4.4.1&#8243; custom_padding=\u00bb70px||||false|false\u00bb] En el apartado \u00abEscritura y pronunciaci\u00f3n\u00bb\u00a0 [&hellip;]<\/p>\n","protected":false},"author":1,"featured_media":0,"parent":0,"menu_order":0,"comment_status":"closed","ping_status":"closed","template":"","meta":{"_et_pb_use_builder":"on","_et_pb_old_content":"","_et_gb_content_width":"","yasr_overall_rating":0,"yasr_post_is_review":"","yasr_auto_insert_disabled":"","yasr_review_type":"","footnotes":""},"yasr_visitor_votes":{"stars_attributes":{"read_only":false,"span_bottom":false},"number_of_votes":0,"sum_votes":0},"_links":{"self":[{"href":"https:\/\/fel.esperanto.es\/index.php?rest_route=\/wp\/v2\/pages\/3506"}],"collection":[{"href":"https:\/\/fel.esperanto.es\/index.php?rest_route=\/wp\/v2\/pages"}],"about":[{"href":"https:\/\/fel.esperanto.es\/index.php?rest_route=\/wp\/v2\/types\/page"}],"author":[{"embeddable":true,"href":"https:\/\/fel.esperanto.es\/index.php?rest_route=\/wp\/v2\/users\/1"}],"replies":[{"embeddable":true,"href":"https:\/\/fel.esperanto.es\/index.php?rest_route=%2Fwp%2Fv2%2Fcomments&post=3506"}],"version-history":[{"count":342,"href":"https:\/\/fel.esperanto.es\/index.php?rest_route=\/wp\/v2\/pages\/3506\/revisions"}],"predecessor-version":[{"id":5497,"href":"https:\/\/fel.esperanto.es\/index.php?rest_route=\/wp\/v2\/pages\/3506\/revisions\/5497"}],"wp:attachment":[{"href":"https:\/\/fel.esperanto.es\/index.php?rest_route=%2Fwp%2Fv2%2Fmedia&parent=3506"}],"curies":[{"name":"wp","href":"https:\/\/api.w.org\/{rel}","templated":true}]}}