{"id":3102,"date":"2020-04-27T10:38:54","date_gmt":"2020-04-27T08:38:54","guid":{"rendered":"http:\/\/www.esperanto.es\/fel\/?page_id=3102"},"modified":"2020-06-16T12:28:49","modified_gmt":"2020-06-16T10:28:49","slug":"alfabeto-y-pronunciacion","status":"publish","type":"page","link":"https:\/\/fel.esperanto.es\/?page_id=3102","title":{"rendered":"Alfabeto"},"content":{"rendered":"\n[et_pb_section fb_built=\u00bb1&#8243; inner_shadow=\u00bbon\u00bb fullwidth=\u00bbon\u00bb _builder_version=\u00bb3.22&#8243; background_color=\u00bb#2ea3f2&#8243; use_background_color_gradient=\u00bbon\u00bb background_color_gradient_start=\u00bb#2ea3f2&#8243; background_color_gradient_end=\u00bb#2e6df4&#8243; background_color_gradient_direction=\u00bb330deg\u00bb][et_pb_fullwidth_header title=\u00bbALFABETO\u00bb content_max_width=\u00bbnone\u00bb _builder_version=\u00bb4.4.1&#8243; title_text_align=\u00bbcenter\u00bb background_color=\u00bb#12876f\u00bb custom_padding=\u00bb14px||3px|||\u00bb button_one_text_size__hover_enabled=\u00bboff\u00bb button_two_text_size__hover_enabled=\u00bboff\u00bb button_one_text_color__hover_enabled=\u00bboff\u00bb button_two_text_color__hover_enabled=\u00bboff\u00bb button_one_border_width__hover_enabled=\u00bboff\u00bb button_two_border_width__hover_enabled=\u00bboff\u00bb button_one_border_color__hover_enabled=\u00bboff\u00bb button_two_border_color__hover_enabled=\u00bboff\u00bb button_one_border_radius__hover_enabled=\u00bboff\u00bb button_two_border_radius__hover_enabled=\u00bboff\u00bb button_one_letter_spacing__hover_enabled=\u00bboff\u00bb button_two_letter_spacing__hover_enabled=\u00bboff\u00bb button_one_bg_color__hover_enabled=\u00bboff\u00bb button_two_bg_color__hover_enabled=\u00bboff\u00bb][\/et_pb_fullwidth_header][\/et_pb_section][et_pb_section fb_built=\u00bb1&#8243; _builder_version=\u00bb4.4.1&#8243; custom_padding=\u00bb2px||3px|||\u00bb][et_pb_row column_structure=\u00bb1_2,1_2&#8243; _builder_version=\u00bb4.4.1&#8243; custom_padding=\u00bb||6px|||\u00bb][et_pb_column type=\u00bb1_2&#8243; _builder_version=\u00bb4.4.1&#8243;][et_pb_text _builder_version=\u00bb4.4.1&#8243; custom_margin=\u00bb||0px|||\u00bb header_text_shadow_style=\u00bbpreset2&#8243; header_3_text_shadow_style=\u00bbpreset2&#8243;]<h3><span style=\"color: #ff0000;\">Alfabeto<\/span><\/h3>[\/et_pb_text][et_pb_text _builder_version=\u00bb4.4.1&#8243; header_text_shadow_style=\u00bbpreset1&#8243;]<p>Consta de 28 letras, de las cuales:<\/p>\n<ul>\n<li>5 son <span style=\"color: #ff0000;\">vocales<\/span><\/li>\n<li>22 son consonantes<\/li>\n<li>1 es <span style=\"color: #339966;\">semi-vocal<\/span><\/li>\n<\/ul>[\/et_pb_text][et_pb_image src=\u00bbhttp:\/\/www.esperanto.es\/fel\/wp-content\/uploads\/2020\/05\/Alfabeto.jpg\u00bb _builder_version=\u00bb4.4.1&#8243;][\/et_pb_image][\/et_pb_column][et_pb_column type=\u00bb1_2&#8243; _builder_version=\u00bb4.4.1&#8243;][et_pb_text _builder_version=\u00bb4.4.1&#8243; text_font=\u00bb|700|||||||\u00bb text_text_color=\u00bb#3874ff\u00bb header_font=\u00bb|700|||||||\u00bb header_text_color=\u00bb#3874ff\u00bb custom_margin=\u00bb||42px|||\u00bb text_text_shadow_style=\u00bbpreset1&#8243;]<h3 style=\"text-align: center;\"><strong><span style=\"color: #ff0000;\">Sistema Fon\u00e9tico del Esperanto<\/span><\/strong><\/h3>[\/et_pb_text][et_pb_image src=\u00bbhttp:\/\/www.esperanto.es\/fel\/wp-content\/uploads\/2020\/04\/Imagen.jpg\u00bb align=\u00bbcenter\u00bb admin_label=\u00bbSistema fon\u00e9tico del Esperanto\u00bb _builder_version=\u00bb4.4.1&#8243; custom_margin=\u00bb||9px|||\u00bb][\/et_pb_image][\/et_pb_column][\/et_pb_row][et_pb_row column_structure=\u00bb1_2,1_2&#8243; _builder_version=\u00bb4.4.1&#8243;][et_pb_column type=\u00bb1_2&#8243; _builder_version=\u00bb4.4.1&#8243;][et_pb_text _builder_version=\u00bb4.4.1&#8243; text_font=\u00bb|700|||||||\u00bb custom_margin=\u00bb11px||14px|||\u00bb text_text_shadow_style=\u00bbpreset2&#8243; text_text_shadow_color=\u00bb#c5310d\u00bb header_text_shadow_style=\u00bbpreset4&#8243;]<h4><span style=\"color: #ff0000;\">Los diacr\u00edticos \u0108, \u011c, \u0124, \u0134, \u015c, \u016c<\/span><\/h4>[\/et_pb_text][et_pb_text _builder_version=\u00bb4.4.1&#8243;]<p style=\"text-align: justify;\">Actualmente es raro usar una antigua m\u00e1quina de escribir. En lugar de ello utilizamos herramientas electr\u00f3nicas y procesadores de texto, lo que nos permite incorporar f\u00e1cilmente los\u00a0<a href=\"https:\/\/es.wikipedia.org\/wiki\/Signo_diacr%C3%ADtico\" target=\"_blank\" rel=\"noopener noreferrer\" title=\"diacriticos\">diacr\u00edticos<\/a>\u00a0mediante la descarga gratuita de alguna sencilla aplicaci\u00f3n inform\u00e1tica. En nuestra pesta\u00f1a de <a href=\"enlaces\" target=\"_blank\" rel=\"noopener noreferrer\" title=\"enlaces\">Enlaces<\/a> destacamos algunos programas.<\/p>\n<p style=\"text-align: justify;\">Junto con estos programas coexisten varios m\u00e9todos, usados cuando no se puede (o no se desea) usar esas aplicaciones.<\/p>[\/et_pb_text][\/et_pb_column][et_pb_column type=\u00bb1_2&#8243; _builder_version=\u00bb4.4.1&#8243;][et_pb_toggle title=\u00bbH\u00bb open_toggle_background_color=\u00bb#ffffff\u00bb closed_toggle_background_color=\u00bb#dfb758&#8243; icon_color=\u00bb#0c71c3&#8243; _builder_version=\u00bb4.4.1&#8243; title_font=\u00bb|700|||||||\u00bb custom_margin=\u00bb||1px|||\u00bb]<p style=\"text-align: justify;\">El m\u00e9todo sugerido por Zamenhof en su <a href=\"https:\/\/es.wikipedia.org\/wiki\/Fundamento_de_Esperanto\" target=\"_blank\" rel=\"noopener noreferrer\" title=\"fundamento\">Fundamento<\/a>:<\/p>\n<p>\u00ab<em>Las imprentas que no posean las letras \u0109, \u011d, \u0125, \u0135, \u015d, \u016d, pueden en lugar de ellas usar ch, gh, hh, jh, sh, u.<\/em>\u00ab<\/p>\n<p>Ejemplos:<\/p>\n<ul>\n<li>chevalo = \u0109evalo (caballo)<\/li>\n<li>Europo = E\u016dropo (Europa)<\/li>\n<\/ul>[\/et_pb_toggle][et_pb_toggle title=\u00bbAp\u00f3strofo\u00bb open_toggle_background_color=\u00bb#ffffff\u00bb closed_toggle_background_color=\u00bb#dfb758&#8243; icon_color=\u00bb#0c71c3&#8243; _builder_version=\u00bb4.4.1&#8243; title_font=\u00bb|700|||||||\u00bb custom_margin=\u00bb3px||4px|||\u00bb]<p style=\"text-align: justify;\">Usar el ap\u00f3strofo ( &#8216; ) o el circunflejo (^) antes o despu\u00e9s de la letra a acentuar.<\/p>\n<p style=\"text-align: justify; padding-left: 30px;\">Ejemplos:<\/p>\n<p style=\"text-align: justify; padding-left: 30px;\">&#8216;sipo = s&#8217;ipo = \u015dipo (barco)<\/p>\n<p style=\"text-align: justify; padding-left: 30px;\">^suo = s^uo = \u015duo (zapato)<\/p>\n<p style=\"text-align: justify;\">El ap\u00f3strofo ( &#8216; ) en Esperanto se usa tambi\u00e9n para otras funciones, lo que hace desaconsejable su uso para sustituir a los acentos circunflejos (diacr\u00edticos):<\/p>\n<ul>\n<li style=\"text-align: justify;\">Forzar terminaciones propias del Esperanto en palabras de otras lenguas sin alterar en modo alguna la palabra original.<\/li>\n<\/ul>\n<p style=\"padding-left: 60px; text-align: justify;\">Ejemplo:<\/p>\n<p style=\"padding-left: 60px; text-align: justify;\">Mi vidis Hans&#8217;on (Vi a Hans).<\/p>\n<ul style=\"text-align: justify;\">\n<li>En poes\u00eda, para omitir terminaciones dejando desnuda la raiz.<\/li>\n<\/ul>\n<p style=\"padding-left: 60px; text-align: justify;\">Ejemplo:<\/p>\n<p style=\"padding-left: 60px; text-align: justify;\">\u00a0 am&#8217; = amo (amor)<\/p>[\/et_pb_toggle][et_pb_toggle title=\u00bb\u00c2, \u00ca, \u00ce, \u00d4, \u00db, \u00da\u00bb open_toggle_background_color=\u00bb#ffffff\u00bb closed_toggle_background_color=\u00bb#dfb758&#8243; icon_color=\u00bb#0c71c3&#8243; _builder_version=\u00bb4.4.1&#8243; title_font=\u00bb|700|||||||\u00bb custom_margin=\u00bb-2px||2px|||\u00bb]<p style=\"text-align: justify;\">Acentuar con circunflejo la vocal siguiente a la consonante que debiera ser acentuada.<\/p>\n<p style=\"padding-left: 30px; text-align: justify;\">Ejemplos:<\/p>\n<p style=\"padding-left: 30px; text-align: justify;\">kas\u00ee = ka\u015di (esconder)<\/p>\n<p style=\"padding-left: 30px; text-align: justify;\">j\u00e2\u00fado = \u0135a\u016ddo (jueves)<\/p>[\/et_pb_toggle][et_pb_toggle title=\u00bbX\u00bb open_toggle_background_color=\u00bb#ffffff\u00bb closed_toggle_background_color=\u00bb#dfb758&#8243; icon_color=\u00bb#0c71c3&#8243; _builder_version=\u00bb4.4.1&#8243; title_font=\u00bb|700|||||||\u00bb]<p style=\"text-align: justify;\">Usar una \u00abx\u00bb tras la letra a acentuar. Este m\u00e9todo es el m\u00e1s extendido pues al contrario que la \u00abh\u00bb, que pertenece al alfabeto del Esperanto, la \u00abx\u00bb no.<\/p>\n<p style=\"padding-left: 30px; text-align: justify;\">Ejemplos:\u00a0<\/p>\n<p style=\"padding-left: 30px; text-align: justify;\">jxurnalo = \u0135urnalo (peri\u00f3dico)<\/p>\n<p style=\"padding-left: 30px; text-align: justify;\">aux = a\u016d (o)<\/p>[\/et_pb_toggle][\/et_pb_column][\/et_pb_row][\/et_pb_section][et_pb_section fb_built=\u00bb1&#8243; inner_shadow=\u00bbon\u00bb fullwidth=\u00bbon\u00bb _builder_version=\u00bb3.22&#8243; background_color=\u00bb#2ea3f2&#8243; use_background_color_gradient=\u00bbon\u00bb background_color_gradient_start=\u00bb#2ea3f2&#8243; background_color_gradient_end=\u00bb#2e6df4&#8243; background_color_gradient_direction=\u00bb330deg\u00bb][et_pb_fullwidth_header title=\u00bbPRONUNCIACI\u00d3N\u00bb content_max_width=\u00bbnone\u00bb _builder_version=\u00bb4.4.1&#8243; title_text_align=\u00bbcenter\u00bb background_color=\u00bb#12876f\u00bb custom_padding=\u00bb14px||3px|||\u00bb button_one_text_size__hover_enabled=\u00bboff\u00bb button_two_text_size__hover_enabled=\u00bboff\u00bb button_one_text_color__hover_enabled=\u00bboff\u00bb button_two_text_color__hover_enabled=\u00bboff\u00bb button_one_border_width__hover_enabled=\u00bboff\u00bb button_two_border_width__hover_enabled=\u00bboff\u00bb button_one_border_color__hover_enabled=\u00bboff\u00bb button_two_border_color__hover_enabled=\u00bboff\u00bb button_one_border_radius__hover_enabled=\u00bboff\u00bb button_two_border_radius__hover_enabled=\u00bboff\u00bb button_one_letter_spacing__hover_enabled=\u00bboff\u00bb button_two_letter_spacing__hover_enabled=\u00bboff\u00bb button_one_bg_color__hover_enabled=\u00bboff\u00bb button_two_bg_color__hover_enabled=\u00bboff\u00bb][\/et_pb_fullwidth_header][\/et_pb_section][et_pb_section fb_built=\u00bb1&#8243; _builder_version=\u00bb4.4.1&#8243; custom_padding=\u00bb16px|||||\u00bb][et_pb_row _builder_version=\u00bb4.4.1&#8243;][et_pb_column type=\u00bb4_4&#8243; _builder_version=\u00bb4.4.1&#8243;][et_pb_text _builder_version=\u00bb4.4.1&#8243; header_3_font=\u00bb|700|||||||\u00bb header_3_text_shadow_style=\u00bbpreset2&#8243;]<h3 style=\"text-align: center;\"><strong><span style=\"color: #ff0000;\">Buena y mala pronunciaci\u00f3n<\/span><\/strong><\/h3>[\/et_pb_text][\/et_pb_column][\/et_pb_row][et_pb_row column_structure=\u00bb1_4,1_4,1_2&#8243; _builder_version=\u00bb4.4.1&#8243;][et_pb_column type=\u00bb1_4&#8243; _builder_version=\u00bb4.4.1&#8243;][et_pb_image src=\u00bbhttp:\/\/www.esperanto.es\/fel\/wp-content\/uploads\/2020\/04\/LIngvistikaj-aspekto-de-Eo.jpg\u00bb align=\u00bbcenter\u00bb _builder_version=\u00bb4.4.1&#8243; module_alignment=\u00bbcenter\u00bb height=\u00bb155px\u00bb][\/et_pb_image][\/et_pb_column][et_pb_column type=\u00bb1_4&#8243; _builder_version=\u00bb4.4.1&#8243;][et_pb_image src=\u00bbhttp:\/\/www.esperanto.es\/fel\/wp-content\/uploads\/2020\/04\/Wells.jpg\u00bb align=\u00bbcenter\u00bb _builder_version=\u00bb4.4.1&#8243; height=\u00bb152px\u00bb][\/et_pb_image][\/et_pb_column][et_pb_column type=\u00bb1_2&#8243; _builder_version=\u00bb4.4.1&#8243;][et_pb_text _builder_version=\u00bb4.4.1&#8243; custom_margin=\u00bb||4px|||\u00bb]<p style=\"text-align: justify;\"><a href=\"https:\/\/es.wikipedia.org\/wiki\/John_Wells\" target=\"_blank\" rel=\"noopener noreferrer\" title=\"Wells\">John Wells<\/a>, en su libro \u00abLingvistikaj aspektoj de Esperanto\u00bb se\u00f1ala cuatro criterios a tener en cuenta cuando queremos distinguir una buena pronunciaci\u00f3n en Esperanto de una no tan buena.<\/p>[\/et_pb_text][et_pb_toggle title=\u00bbAspectos ling\u00fc\u00edsticos del Esperanto\u00bb open_toggle_background_color=\u00bb#ffffff\u00bb closed_toggle_background_color=\u00bb#dfb758&#8243; icon_color=\u00bb#0c71c3&#8243; _builder_version=\u00bb4.4.1&#8243; title_font=\u00bb|700|||||||\u00bb custom_margin=\u00bb24px|||||\u00bb]<ol>\n<li style=\"text-align: justify;\"><strong>Pr\u00e1ctico<\/strong>. Una buena pronunciaci\u00f3n es aquella que permite la comunicaci\u00f3n entre esperantistas pertenecientes a diferentes etnias ling\u00fc\u00edsticas.<\/li>\n<li style=\"text-align: justify;\"><strong>Ling\u00fc\u00edstico<\/strong>. Pronuncia bien aquel que distingue al hablar perfectamente entre cada par de fonemas que son representados de forma distinta en la ortograf\u00eda.<\/li>\n<li style=\"text-align: justify;\"><strong>Geogr\u00e1fico<\/strong>. Una buena pronunciaci\u00f3n es aquella que es geogr\u00e1ficamente neutral. Es la que no permite adivinar al interlocutor acerca del lugar de procedencia del hablante.<\/li>\n<li style=\"text-align: justify;\"><strong>Sociol\u00f3gico<\/strong>. Aunque los esperantistas se encuentran dispersos\u00a0 por todo el planeta, forman una comunidad de hablantes que comparten cultura. Y opiniones. Entre estas, las hay que califican esta o aquella manera de pronunciar como m\u00e1s agradable.<\/li>\n<\/ol>[\/et_pb_toggle][\/et_pb_column][\/et_pb_row][et_pb_row column_structure=\u00bb1_6,1_6,1_6,1_6,1_6,1_6&#8243; _builder_version=\u00bb4.4.1&#8243; background_color=\u00bb#000000&#8243; custom_margin=\u00bb1px|auto||auto|false|false\u00bb custom_padding=\u00bb||9px|||\u00bb][et_pb_column type=\u00bb1_6&#8243; _builder_version=\u00bb4.4.1&#8243;][et_pb_text _builder_version=\u00bb4.4.1&#8243; background_color=\u00bb#000000&#8243; custom_margin=\u00bb|||10px|false|false\u00bb custom_padding=\u00bb|12px||7px|false|false\u00bb]<p style=\"text-align: justify;\"><strong><span style=\"color: #ffffff;\">El<\/span><\/strong><span style=\"color: #ffffff;\"> Esperanto es fon\u00e9tico: una letra, una sonido.<\/span><\/p>[\/et_pb_text][\/et_pb_column][et_pb_column type=\u00bb1_6&#8243; _builder_version=\u00bb4.4.1&#8243;][et_pb_text _builder_version=\u00bb4.4.1&#8243; custom_padding=\u00bb|14px||14px|false|false\u00bb]<p style=\"text-align: justify;\"><span style=\"color: #ffffff;\">El <a href=\"https:\/\/es.wikipedia.org\/wiki\/Acento_t%C3%B3nico\" target=\"_blank\" rel=\"noopener noreferrer\" title=\"tonico\">acento t\u00f3nico<\/a> recae siempre sobre la silaba pen\u00faltima.<\/span><\/p>[\/et_pb_text][\/et_pb_column][et_pb_column type=\u00bb1_6&#8243; _builder_version=\u00bb4.4.1&#8243;][et_pb_text _builder_version=\u00bb4.4.1&#8243; custom_padding=\u00bb|12px||13px|false|false\u00bb]<p style=\"text-align: justify;\"><span style=\"color: #ffffff;\">Una palabra se compone de tantas s\u00edlabas como vocales.<\/span><\/p>\n<p style=\"text-align: justify;\">[\/et_pb_text][\/et_pb_column][et_pb_column type=\u00bb1_6&#8243; _builder_version=\u00bb4.4.1&#8243;][et_pb_text _builder_version=\u00bb4.4.1&#8243; custom_padding=\u00bb0px|13px||11px|false|false\u00bb]<p style=\"text-align: justify;\"><span style=\"color: #ffffff;\">Dos vocales juntas nunca forman <a href=\"https:\/\/es.wikipedia.org\/wiki\/Diptongo\" target=\"_blank\" rel=\"noopener noreferrer\" title=\"diptongo\">diptongo<\/a>. (\u00bb \u016d \u00bb no es vocal)<\/span><\/p>[\/et_pb_text][\/et_pb_column][et_pb_column type=\u00bb1_6&#8243; _builder_version=\u00bb4.4.1&#8243;][et_pb_text _builder_version=\u00bb4.4.1&#8243; custom_padding=\u00bb|12px||8px|false|false\u00bb]<p style=\"text-align: justify;\"><span style=\"color: #ffffff;\">Dos letras iguales en la palabra se pronuncian por separado.<\/span><\/p>[\/et_pb_text][\/et_pb_column][et_pb_column type=\u00bb1_6&#8243; _builder_version=\u00bb4.4.1&#8243;][et_pb_text _builder_version=\u00bb4.4.1&#8243; custom_padding=\u00bb|16px||10px|false|false\u00bb]<p style=\"text-align: justify;\"><span style=\"color: #ffffff;\">El uso del <a href=\"https:\/\/es.wikipedia.org\/wiki\/Ap%C3%B3strofo\" target=\"_blank\" rel=\"noopener noreferrer\" title=\"apostrofo\">ap\u00f3strofo<\/a> no modifica el acento t\u00f3nico.<\/span><\/p>[\/et_pb_text][\/et_pb_column][\/et_pb_row][et_pb_row _builder_version=\u00bb4.4.1&#8243; custom_padding=\u00bb||2px|||\u00bb][et_pb_column type=\u00bb4_4&#8243; _builder_version=\u00bb4.4.1&#8243;][et_pb_text _builder_version=\u00bb4.4.1&#8243;]<h4 style=\"text-align: justify;\">Mostramos aqu\u00ed la pronunciaci\u00f3n de aquellas letras que merecen cierta atenci\u00f3n por parte de los hispanohablantes:<\/h4>[\/et_pb_text][\/et_pb_column][\/et_pb_row][et_pb_row column_structure=\u00bb1_3,1_3,1_3&#8243; _builder_version=\u00bb4.4.1&#8243; custom_margin=\u00bb11px||||false|false\u00bb custom_padding=\u00bb11px|||||\u00bb][et_pb_column type=\u00bb1_3&#8243; _builder_version=\u00bb4.4.1&#8243;][et_pb_audio audio=\u00bbhttp:\/\/www.esperanto.es\/fel\/wp-content\/uploads\/2020\/04\/ZOOM0001_Tr1.wav\u00bb title=\u00bbB\u00bb album_name=\u00bbbona, nubo, eble, libro, sub\u00bb _builder_version=\u00bb4.4.1&#8243; height=\u00bb110px\u00bb custom_margin=\u00bb-6px||||false|false\u00bb custom_padding=\u00bb6px||||false|false\u00bb][\/et_pb_audio][et_pb_audio audio=\u00bbhttp:\/\/www.esperanto.es\/fel\/wp-content\/uploads\/2020\/05\/go.wav\u00bb title=\u00bbG\u00bb album_name=\u00bbgenealogio, groteska, flugi, ellogi\u00bb _builder_version=\u00bb4.4.1&#8243; title_font=\u00bbGelasio||||||||\u00bb height=\u00bb110px\u00bb custom_margin=\u00bb-6px||||false|false\u00bb custom_padding=\u00bb6px||||false|false\u00bb][\/et_pb_audio][et_pb_audio audio=\u00bbhttp:\/\/www.esperanto.es\/fel\/wp-content\/uploads\/2020\/05\/hx.wav\u00bb title=\u00bb\u0124\u00bb album_name=\u00bb\u0125oro, \u0125emio, monar\u0125o, e\u0125o\u00bb _builder_version=\u00bb4.4.1&#8243; height=\u00bb110px\u00bb custom_margin=\u00bb-6px||||false|false\u00bb custom_padding=\u00bb6px||||false|false\u00bb][\/et_pb_audio][et_pb_audio audio=\u00bbhttp:\/\/www.esperanto.es\/fel\/wp-content\/uploads\/2020\/05\/ro.wav\u00bb title=\u00bbR\u00bb album_name=\u00bbrivero, ree, arbarrando, rubo\u00bb _builder_version=\u00bb4.4.1&#8243; height=\u00bb110px\u00bb custom_margin=\u00bb-6px||||false|false\u00bb custom_padding=\u00bb6px||||false|false\u00bb][\/et_pb_audio][et_pb_audio audio=\u00bbhttp:\/\/www.esperanto.es\/fel\/wp-content\/uploads\/2020\/05\/ux.wav\u00bb title=\u00bb\u016c\u00bb album_name=\u00bba\u016d, E\u016dropo, la\u016d, \u0135a\u016ddo, a\u016ddi\u00bb _builder_version=\u00bb4.4.1&#8243; height=\u00bb110px\u00bb custom_margin=\u00bb-6px||||false|false\u00bb custom_padding=\u00bb6px||||false|false\u00bb][\/et_pb_audio][\/et_pb_column][et_pb_column type=\u00bb1_3&#8243; _builder_version=\u00bb4.4.1&#8243;][et_pb_audio audio=\u00bbhttp:\/\/www.esperanto.es\/fel\/wp-content\/uploads\/2020\/05\/co.wav\u00bb title=\u00bbC\u00bb album_name=\u00bbpaco, colo, cigno, necese\u00bb _builder_version=\u00bb4.4.1&#8243; height=\u00bb110px\u00bb custom_margin=\u00bb-6px||||false|false\u00bb custom_padding=\u00bb6px||||false|false\u00bb][\/et_pb_audio][et_pb_audio audio=\u00bbhttp:\/\/www.esperanto.es\/fel\/wp-content\/uploads\/2020\/05\/gx.wav\u00bb title=\u00bb\u011c\u00bb album_name=\u00bb\u011dis, \u011dusta, mallar\u011da, \u011deni, ka\u011do\u00bb _builder_version=\u00bb4.4.1&#8243; height=\u00bb110px\u00bb custom_margin=\u00bb-6px||||false|false\u00bb custom_padding=\u00bb6px||||false|false\u00bb][\/et_pb_audio][et_pb_audio audio=\u00bbhttp:\/\/www.esperanto.es\/fel\/wp-content\/uploads\/2020\/05\/jo.wav\u00bb title=\u00bbJ\u00bb album_name=\u00bbjaro, katoj, hejmo, jam, junio\u00bb _builder_version=\u00bb4.4.1&#8243; height=\u00bb110px\u00bb custom_margin=\u00bb-6px||||false|false\u00bb custom_padding=\u00bb6px||||false|false\u00bb][\/et_pb_audio][et_pb_audio audio=\u00bbhttp:\/\/www.esperanto.es\/fel\/wp-content\/uploads\/2020\/05\/so.wav\u00bb title=\u00bbS\u00bb album_name=\u00bbsveni, stacio, smeraldo, strato\u00bb _builder_version=\u00bb4.4.1&#8243; height=\u00bb110px\u00bb custom_margin=\u00bb-6px||||false|false\u00bb custom_padding=\u00bb6px||||false|false\u00bb][\/et_pb_audio][et_pb_audio audio=\u00bbhttp:\/\/www.esperanto.es\/fel\/wp-content\/uploads\/2020\/05\/vo.wav\u00bb title=\u00bbV\u00bb album_name=\u00bbbovo, veni, voli, vojo, kvar, ve!\u00bb _builder_version=\u00bb4.4.1&#8243; height=\u00bb110px\u00bb custom_margin=\u00bb-6px||||false|false\u00bb custom_padding=\u00bb6px||||false|false\u00bb][\/et_pb_audio][\/et_pb_column][et_pb_column type=\u00bb1_3&#8243; _builder_version=\u00bb4.4.1&#8243;][et_pb_audio audio=\u00bbhttp:\/\/www.esperanto.es\/fel\/wp-content\/uploads\/2020\/05\/cx.wav\u00bb title=\u00bb\u0108\u00bb album_name=\u00bbser\u0109i, \u0109eno, \u0109agreni, \u0109okolado\u00bb _builder_version=\u00bb4.4.1&#8243; height=\u00bb110px\u00bb custom_margin=\u00bb-6px||||false|false\u00bb custom_padding=\u00bb6px||||false|false\u00bb][\/et_pb_audio][et_pb_audio audio=\u00bbhttp:\/\/www.esperanto.es\/fel\/wp-content\/uploads\/2020\/05\/ho.wav\u00bb title=\u00bbH\u00bb album_name=\u00bbharo, helpi, hundo, prahomo\u00bb _builder_version=\u00bb4.4.1&#8243; height=\u00bb110px\u00bb custom_margin=\u00bb-6px||||false|false\u00bb custom_padding=\u00bb6px||||false|false\u00bb][\/et_pb_audio][et_pb_audio audio=\u00bbhttp:\/\/www.esperanto.es\/fel\/wp-content\/uploads\/2020\/05\/jx.wav\u00bb title=\u00bb\u0134\u00bb album_name=\u00bb\u0135eti, \u0135urnalo, a\u0135o, \u0135argono\u00bb _builder_version=\u00bb4.4.1&#8243; height=\u00bb110px\u00bb custom_margin=\u00bb-6px||||false|false\u00bb custom_padding=\u00bb6px||||false|false\u00bb][\/et_pb_audio][et_pb_audio audio=\u00bbhttp:\/\/www.esperanto.es\/fel\/wp-content\/uploads\/2020\/05\/sx.wav\u00bb title=\u00bb\u015c\u00bb album_name=\u00bb\u015dajni, \u015dlosi, \u015duo, pu\u015di, \u015dpruci\u00bb _builder_version=\u00bb4.4.1&#8243; height=\u00bb110px\u00bb custom_margin=\u00bb-6px||||false|false\u00bb custom_padding=\u00bb6px||||false|false\u00bb][\/et_pb_audio][et_pb_audio audio=\u00bbhttp:\/\/www.esperanto.es\/fel\/wp-content\/uploads\/2020\/05\/zo.wav\u00bb title=\u00bbZ\u00bb album_name=\u00bbzorgi, zumi, rozo, azeno, pezi\u00bb _builder_version=\u00bb4.4.1&#8243; height=\u00bb110px\u00bb custom_margin=\u00bb-6px||||false|false\u00bb custom_padding=\u00bb6px||||false|false\u00bb][\/et_pb_audio][\/et_pb_column][\/et_pb_row][et_pb_row _builder_version=\u00bb4.4.1&#8243; custom_margin=\u00bb-5px|auto||auto||\u00bb custom_padding=\u00bb||14px|||\u00bb][et_pb_column type=\u00bb4_4&#8243; _builder_version=\u00bb4.4.1&#8243;][et_pb_text _builder_version=\u00bb4.4.1&#8243;]<h4 style=\"text-align: justify;\">Y ahora analizamos algunos pares de palabras para resaltar la importancia de una correcta pronunciaci\u00f3n&#8230;<\/h4>[\/et_pb_text][\/et_pb_column][\/et_pb_row][et_pb_row column_structure=\u00bb1_3,1_3,1_3&#8243; _builder_version=\u00bb4.4.1&#8243; custom_padding=\u00bb4px|||||\u00bb][et_pb_column type=\u00bb1_3&#8243; _builder_version=\u00bb4.4.1&#8243;][et_pb_audio audio=\u00bbhttp:\/\/www.esperanto.es\/fel\/wp-content\/uploads\/2020\/05\/beni-veni.wav\u00bb album_name=\u00bbbeni \/ veni\u00bb _builder_version=\u00bb4.4.1&#8243; caption_font=\u00bb|700|||||||\u00bb caption_font_size=\u00bb30px\u00bb height=\u00bb80px\u00bb custom_padding=\u00bb12px||||false|false\u00bb][\/et_pb_audio][et_pb_audio audio=\u00bbhttp:\/\/www.esperanto.es\/fel\/wp-content\/uploads\/2020\/05\/bojo-vojo.wav\u00bb album_name=\u00bbbojo \/ vojo\u00bb _builder_version=\u00bb4.4.1&#8243; caption_font=\u00bb|700|||||||\u00bb caption_font_size=\u00bb30px\u00bb height=\u00bb80px\u00bb custom_padding=\u00bb12px||||false|false\u00bb][\/et_pb_audio][et_pb_audio audio=\u00bbhttp:\/\/www.esperanto.es\/fel\/wp-content\/uploads\/2020\/05\/gxusta-justa.wav\u00bb album_name=\u00bb\u011dusta \/ justa\u00bb _builder_version=\u00bb4.4.1&#8243; caption_font=\u00bb|700|||||||\u00bb caption_font_size=\u00bb30px\u00bb height=\u00bb80px\u00bb custom_padding=\u00bb12px||||false|false\u00bb][\/et_pb_audio][\/et_pb_column][et_pb_column type=\u00bb1_3&#8243; _builder_version=\u00bb4.4.1&#8243;][et_pb_audio audio=\u00bbhttp:\/\/www.esperanto.es\/fel\/wp-content\/uploads\/2020\/05\/benko-venko.wav\u00bb album_name=\u00bbbenko \/ venko\u00bb _builder_version=\u00bb4.4.1&#8243; caption_font=\u00bb|700|||||||\u00bb caption_font_size=\u00bb30px\u00bb height=\u00bb80px\u00bb custom_padding=\u00bb12px||||false|false\u00bb][\/et_pb_audio][et_pb_audio audio=\u00bbhttp:\/\/www.esperanto.es\/fel\/wp-content\/uploads\/2020\/05\/sercxi-sxerci.wav\u00bb album_name=\u00bbser\u0109i \/ \u015derci\u00bb _builder_version=\u00bb4.4.1&#8243; caption_font=\u00bb|700|||||||\u00bb caption_font_size=\u00bb30px\u00bb height=\u00bb80px\u00bb custom_padding=\u00bb12px||||false|false\u00bb][\/et_pb_audio][et_pb_audio audio=\u00bbhttp:\/\/www.esperanto.es\/fel\/wp-content\/uploads\/2020\/05\/pesi-pezi.wav\u00bb album_name=\u00bbpesi \/ pezi\u00bb _builder_version=\u00bb4.4.1&#8243; caption_font=\u00bb|700|||||||\u00bb caption_font_size=\u00bb30px\u00bb height=\u00bb80px\u00bb custom_padding=\u00bb12px||||false|false\u00bb][\/et_pb_audio][\/et_pb_column][et_pb_column type=\u00bb1_3&#8243; _builder_version=\u00bb4.4.1&#8243;][et_pb_audio audio=\u00bbhttp:\/\/www.esperanto.es\/fel\/wp-content\/uploads\/2020\/05\/boli-voli.wav\u00bb album_name=\u00bbboli \/ voli\u00bb _builder_version=\u00bb4.4.1&#8243; caption_font=\u00bb|700|||||||\u00bb caption_font_size=\u00bb30px\u00bb height=\u00bb80px\u00bb custom_padding=\u00bb12px||||false|false\u00bb][\/et_pb_audio][et_pb_audio audio=\u00bbhttp:\/\/www.esperanto.es\/fel\/wp-content\/uploads\/2020\/05\/macxo-maco.wav\u00bb album_name=\u00bbma\u0109o \/ maco\u00bb _builder_version=\u00bb4.4.1&#8243; caption_font=\u00bb|700|||||||\u00bb caption_font_size=\u00bb30px\u00bb height=\u00bb80px\u00bb custom_padding=\u00bb12px||||false|false\u00bb][\/et_pb_audio][et_pb_audio audio=\u00bbhttp:\/\/www.esperanto.es\/fel\/wp-content\/uploads\/2020\/05\/musxo-muso.wav\u00bb album_name=\u00bbmu\u015do \/ muso\u00bb _builder_version=\u00bb4.4.1&#8243; caption_font=\u00bb|700|||||||\u00bb caption_font_size=\u00bb30px\u00bb height=\u00bb80px\u00bb custom_padding=\u00bb12px||||false|false\u00bb][\/et_pb_audio][\/et_pb_column][\/et_pb_row][et_pb_row column_structure=\u00bb1_3,1_3,1_3&#8243; _builder_version=\u00bb4.4.1&#8243; background_color=\u00bb#000000&#8243; height=\u00bb332px\u00bb custom_padding=\u00bb||0px|||\u00bb][et_pb_column type=\u00bb1_3&#8243; _builder_version=\u00bb4.4.1&#8243;][et_pb_text _builder_version=\u00bb4.4.1&#8243; text_text_color=\u00bb#ffffff\u00bb background_color=\u00bb#000000&#8243; height=\u00bb290px\u00bb custom_padding=\u00bb||0px|||\u00bb]<p style=\"text-align: center;\">Ekbruligis mi fajron en k<span style=\"text-decoration: underline;\">o<\/span>r&#8217;<\/p>\n<p style=\"text-align: center;\">\u011din estingos nenia perf<span style=\"text-decoration: underline;\">o<\/span>rt&#8217;.<\/p>\n<p style=\"text-align: center;\">Ekflamigis mi flamon en br<span style=\"text-decoration: underline;\">u<\/span>st&#8217;<\/p>\n<p style=\"text-align: center;\">\u011din ne povos estingi e\u0109 m<span style=\"text-decoration: underline;\">o<\/span>rt&#8217;.<\/p>\n<p style=\"text-align: center;\">Brulos f<span style=\"text-decoration: underline;\">a<\/span>jr&#8217; \u011dis mi vivos en m<span style=\"text-decoration: underline;\">o<\/span>nd&#8217;.<\/p>\n<p style=\"text-align: center;\">Flamos fl<span style=\"text-decoration: underline;\">a<\/span>m&#8217; \u011dis ekzistos la t<span style=\"text-decoration: underline;\">e<\/span>r&#8217;.<\/p>\n<p style=\"text-align: center;\">N<span style=\"text-decoration: underline;\">o<\/span>m&#8217; d<span style=\"text-decoration: underline;\">e<\/span> l&#8217; f<span style=\"text-decoration: underline;\">a<\/span>jr&#8217; estas <span style=\"text-decoration: underline;\">a<\/span>m&#8217; al hom<span style=\"text-decoration: underline;\">a<\/span>r&#8217;,<\/p>\n<p style=\"text-align: center;\">n<span style=\"text-decoration: underline;\">o<\/span>m&#8217; d<span style=\"text-decoration: underline;\">e<\/span> l&#8217; fl<span style=\"text-decoration: underline;\">a<\/span>m&#8217; estas <span style=\"text-decoration: underline;\">a<\/span>m&#8217; al lib<span style=\"text-decoration: underline;\">e<\/span>r&#8217;.<\/p>\n<p>&nbsp;<\/p>[\/et_pb_text][\/et_pb_column][et_pb_column type=\u00bb1_3&#8243; _builder_version=\u00bb4.4.1&#8243;][et_pb_text _builder_version=\u00bb4.4.1&#8243; text_text_color=\u00bb#000000&#8243; background_color=\u00bb#ffffff\u00bb custom_margin=\u00bb30px||||false|false\u00bb custom_padding=\u00bb|10px||10px|false|false\u00bb]<p style=\"text-align: justify;\">Poema \u00abHomarano\u00bb de <a href=\"https:\/\/eo.wikipedia.org\/wiki\/Vasilij_Ero%C5%9Denko\" target=\"_blank\" rel=\"noopener noreferrer\" title=\"Eroshenko\">Vasili Ero\u015denko<\/a>.<\/p>\n<p style=\"text-align: justify;\">La versi\u00f3n original de la izquierda se muestra con ap\u00f3strofos, que han sido sustituidos en la versi\u00f3n de la derecha por las vocales que representan. Se subrayaron las vocales pronunciadas con acento t\u00f3nico y vemos que son las mismas en ambas versiones. Esto es: el ap\u00f3strofo no cambia el acento t\u00f3nico.<\/p>[\/et_pb_text][\/et_pb_column][et_pb_column type=\u00bb1_3&#8243; _builder_version=\u00bb4.4.1&#8243;][et_pb_text _builder_version=\u00bb4.4.1&#8243; text_text_color=\u00bb#ffffff\u00bb background_color=\u00bb#000000&#8243; height=\u00bb290px\u00bb custom_margin=\u00bb||24px|||\u00bb]<p style=\"text-align: center;\">Ekbruligis mi fajron en k<span style=\"text-decoration: underline;\">o<\/span>r<span style=\"color: #ff0000;\">o<\/span><\/p>\n<p style=\"text-align: center;\">\u011din estingos nenia perf<span style=\"text-decoration: underline;\">o<\/span>rt<span style=\"color: #ff0000;\">o<\/span>.<\/p>\n<p style=\"text-align: center;\">Ekflamigis mi flamon en br<span style=\"text-decoration: underline;\">u<\/span>st<span style=\"color: #ff0000;\">o<\/span><\/p>\n<p style=\"text-align: center;\">\u011din ne povos estingi e\u0109 m<span style=\"text-decoration: underline;\">o<\/span>rt<span style=\"color: #ff0000;\">o<\/span>.<\/p>\n<p style=\"text-align: center;\">Brulos f<span style=\"text-decoration: underline;\">a<\/span>jr<span style=\"color: #ff0000;\">o<\/span> \u011dis mi vivos en m<span style=\"text-decoration: underline;\">o<\/span>nd<span style=\"color: #ff0000;\">o<\/span>.<\/p>\n<p style=\"text-align: center;\">Flamos fl<span style=\"text-decoration: underline;\">a<\/span>m<span style=\"color: #ff0000;\">o<\/span> \u011dis ekzistos la t<span style=\"text-decoration: underline;\">e<\/span>r<span style=\"color: #ff0000;\">o<\/span>.<\/p>\n<p style=\"text-align: center;\">N<span style=\"text-decoration: underline;\">o<\/span>m<span style=\"color: #ff0000;\">o<\/span> de l<span style=\"color: #ff0000;\">a<\/span> f<span style=\"text-decoration: underline;\">a<\/span>jr<span style=\"color: #ff0000;\">o<\/span> estas <span style=\"text-decoration: underline;\">a<\/span>m<span style=\"color: #ff0000;\">o<\/span> al hom<span style=\"text-decoration: underline;\">a<\/span>r<span style=\"color: #ff0000;\">o<\/span>,<\/p>\n<p style=\"text-align: center;\">n<span style=\"text-decoration: underline;\">o<\/span>m<span style=\"color: #ff0000;\">o<\/span> de l<span style=\"color: #ff0000;\">a<\/span> fl<span style=\"text-decoration: underline;\">a<\/span>m<span style=\"color: #ff0000;\">o<\/span> estas <span style=\"text-decoration: underline;\">a<\/span>m<span style=\"color: #ff0000;\">o<\/span> al lib<span style=\"text-decoration: underline;\">e<\/span>r<span style=\"color: #ff0000;\">o<\/span>.<\/p>\n<p>&nbsp;<\/p>[\/et_pb_text][\/et_pb_column][\/et_pb_row][et_pb_row column_structure=\u00bb1_3,1_3,1_3&#8243; _builder_version=\u00bb4.4.1&#8243;][et_pb_column type=\u00bb1_3&#8243; _builder_version=\u00bb4.4.1&#8243;][et_pb_audio audio=\u00bbhttp:\/\/www.esperanto.es\/fel\/wp-content\/uploads\/2020\/05\/homarano-1.wav\u00bb title=\u00bbEsperanto\u00bb album_name=\u00bbcon ap\u00f3strofos\u00bb _builder_version=\u00bb4.4.1&#8243; height=\u00bb110px\u00bb custom_padding=\u00bb6px||||false|false\u00bb][\/et_pb_audio][\/et_pb_column][et_pb_column type=\u00bb1_3&#8243; _builder_version=\u00bb4.4.1&#8243;][et_pb_audio audio=\u00bbhttp:\/\/www.esperanto.es\/fel\/wp-content\/uploads\/2020\/05\/homarano-3.wav\u00bb title=\u00bbCastellano\u00bb album_name=\u00bbsin rima\u00bb _builder_version=\u00bb4.4.1&#8243; height=\u00bb110px\u00bb custom_margin=\u00bb-5px|||||\u00bb custom_padding=\u00bb6px||||false|false\u00bb][\/et_pb_audio][\/et_pb_column][et_pb_column type=\u00bb1_3&#8243; _builder_version=\u00bb4.4.1&#8243;][et_pb_audio audio=\u00bbhttp:\/\/www.esperanto.es\/fel\/wp-content\/uploads\/2020\/05\/homarano-2.wav\u00bb title=\u00bbEsperanto\u00bb album_name=\u00bbsin ap\u00f3strofos\u00bb _builder_version=\u00bb4.4.1&#8243; height=\u00bb110px\u00bb custom_margin=\u00bb-5px|||||\u00bb custom_padding=\u00bb6px||||false|false\u00bb][\/et_pb_audio][\/et_pb_column][\/et_pb_row][\/et_pb_section]\n\r\n<div style='text-align:center' class='yasr-auto-insert-visitor'><\/div>","protected":false},"excerpt":{"rendered":"","protected":false},"author":1,"featured_media":0,"parent":0,"menu_order":0,"comment_status":"closed","ping_status":"closed","template":"","meta":{"_et_pb_use_builder":"on","_et_pb_old_content":"","_et_gb_content_width":"","yasr_overall_rating":0,"yasr_post_is_review":"","yasr_auto_insert_disabled":"","yasr_review_type":"","footnotes":""},"yasr_visitor_votes":{"stars_attributes":{"read_only":false,"span_bottom":false},"number_of_votes":0,"sum_votes":0},"_links":{"self":[{"href":"https:\/\/fel.esperanto.es\/index.php?rest_route=\/wp\/v2\/pages\/3102"}],"collection":[{"href":"https:\/\/fel.esperanto.es\/index.php?rest_route=\/wp\/v2\/pages"}],"about":[{"href":"https:\/\/fel.esperanto.es\/index.php?rest_route=\/wp\/v2\/types\/page"}],"author":[{"embeddable":true,"href":"https:\/\/fel.esperanto.es\/index.php?rest_route=\/wp\/v2\/users\/1"}],"replies":[{"embeddable":true,"href":"https:\/\/fel.esperanto.es\/index.php?rest_route=%2Fwp%2Fv2%2Fcomments&post=3102"}],"version-history":[{"count":188,"href":"https:\/\/fel.esperanto.es\/index.php?rest_route=\/wp\/v2\/pages\/3102\/revisions"}],"predecessor-version":[{"id":5487,"href":"https:\/\/fel.esperanto.es\/index.php?rest_route=\/wp\/v2\/pages\/3102\/revisions\/5487"}],"wp:attachment":[{"href":"https:\/\/fel.esperanto.es\/index.php?rest_route=%2Fwp%2Fv2%2Fmedia&parent=3102"}],"curies":[{"name":"wp","href":"https:\/\/api.w.org\/{rel}","templated":true}]}}